{"id":293,"date":"2025-08-05T12:53:29","date_gmt":"2025-08-05T12:53:29","guid":{"rendered":"https:\/\/hcfm.org\/fatherpeyton\/?post_type=chapter&#038;p=293"},"modified":"2026-06-10T12:05:13","modified_gmt":"2026-06-10T12:05:13","slug":"chapitre-4","status":"publish","type":"chapter","link":"https:\/\/fatherpeyton.org\/fr\/chapters\/chapitre-4\/","title":{"rendered":"Chapitre 4"},"content":{"rendered":"\n<div class=\"wp-block-group alignfull is-layout-constrained wp-container-core-group-is-layout-94705b95 wp-block-group-is-layout-constrained\" style=\"margin-top:0px;margin-bottom:0px;padding-top:0rem;padding-right:1.25rem;padding-bottom:0rem;padding-left:1.25rem\"><style>@media(max-width:1024px){.cbmi-8a0c0716{min-height:55vh !important;}.cbmi-8a0c0716.is-fit-object .wp-block-cover__image-background{object-fit:contain;object-position: 50% 100% !important;}}@media(max-width:767px){.cbmi-8a0c0716{min-height:55vh !important;}.cbmi-8a0c0716.is-fit-object .wp-block-cover__image-background{object-fit:contain;object-position: 50% 100% !important;}}<\/style>\n<div class=\"wp-block-cover alignfull is-light has-base-color has-text-color has-link-color wp-elements-1 cbmi-8a0c0716\" style=\"min-height:90vh;aspect-ratio:unset;\"><img loading=\"lazy\" decoding=\"async\" width=\"1024\" height=\"429\" class=\"wp-block-cover__image-background wp-image-296 size-large\" alt=\"\" src=\"https:\/\/fatherpeyton.org\/fr\/wp-content\/uploads\/sites\/22\/2025\/08\/chapterbanner4rosaryrally-1024x429.jpg\" data-object-fit=\"cover\" \/ data-desktop=\"https:\/\/fatherpeyton.org\/fr\/wp-content\/uploads\/sites\/22\/2025\/08\/chapterbanner4rosaryrally-1024x429.jpg\" srcset=\"https:\/\/fatherpeyton.org\/fr\/wp-content\/uploads\/sites\/22\/2025\/08\/chapterbanner4rosaryrally-1024x429.jpg 1024w, https:\/\/fatherpeyton.org\/fr\/wp-content\/uploads\/sites\/22\/2025\/08\/chapterbanner4rosaryrally-300x126.jpg 300w, https:\/\/fatherpeyton.org\/fr\/wp-content\/uploads\/sites\/22\/2025\/08\/chapterbanner4rosaryrally-768x322.jpg 768w, https:\/\/fatherpeyton.org\/fr\/wp-content\/uploads\/sites\/22\/2025\/08\/chapterbanner4rosaryrally.jpg 1476w\" sizes=\"auto, (max-width: 1024px) 100vw, 1024px\" \/><span aria-hidden=\"true\" class=\"wp-block-cover__background has-background-dim\" style=\"background-color:#918173\"><\/span><div class=\"wp-block-cover__inner-container is-layout-constrained wp-block-cover-is-layout-constrained\">\n<p class=\"has-text-align-center animated slideInUp slow has-calluna-font-family has-x-small-font-size wp-block-paragraph\" style=\"letter-spacing:3px;text-transform:uppercase\">Chapitre 4<\/p>\n\n\n\n<h1 class=\"wp-block-heading has-text-align-center animated slideInUp slow delay-100ms has-calluna-font-family is-heading-wave-line is-wave-line-width-100 is-wave-line-primary is-wave-align-left\" style=\"padding-top:1rem;padding-right:0rem;padding-bottom:1rem;padding-left:0rem;letter-spacing:3px;text-transform:capitalize\">Rassemblements du Rosaire<\/h1>\n\n\n\n<h4 class=\"wp-block-heading has-text-align-center animated slideInUp delay-200ms slow has-calluna-font-family is-heading-wave-line is-wave-line-width-100 is-wave-line-primary is-wave-align-left\" style=\"font-style:normal;font-weight:400;text-transform:capitalize\">L&rsquo;humble ap\u00f4tre du Rosaire<\/h4>\n<\/div><\/div>\n<\/div>\n\n\n\n<div class=\"wp-block-group is-layout-constrained wp-container-core-group-is-layout-f6b283c2 wp-block-group-is-layout-constrained\" style=\"padding-top:3.75rem;padding-right:1.25rem;padding-bottom:0rem;padding-left:1.25rem\">\n<h2 class=\"wp-block-heading has-text-align-center animated fadeInUp slow has-tertiary-color has-text-color has-link-color has-playlistscript-font-family has-xx-large-font-size is-heading-wave-line is-wave-line-width-100 is-wave-line-primary is-wave-align-left wp-elements-2\" style=\"padding-top:0rem;padding-right:0rem;padding-bottom:1.25rem;padding-left:0rem;text-transform:capitalize\">\u00ab Un monde en pri\u00e8re est un monde en paix \u00bb<\/h2>\n\n\n\n<figure class=\"wp-block-image aligncenter size-large animated zoomIn slow\" style=\"margin-top:0px;margin-right:0px;margin-bottom:0px;margin-left:0px\"><img loading=\"lazy\" decoding=\"async\" width=\"1024\" height=\"504\" src=\"https:\/\/fatherpeyton.org\/fr\/wp-content\/uploads\/sites\/22\/2025\/08\/map-transparent-bg-1024x504.webp\" alt=\"\" class=\"wp-image-297\" srcset=\"https:\/\/fatherpeyton.org\/fr\/wp-content\/uploads\/sites\/22\/2025\/08\/map-transparent-bg-1024x504.webp 1024w, https:\/\/fatherpeyton.org\/fr\/wp-content\/uploads\/sites\/22\/2025\/08\/map-transparent-bg-300x148.webp 300w, https:\/\/fatherpeyton.org\/fr\/wp-content\/uploads\/sites\/22\/2025\/08\/map-transparent-bg-768x378.webp 768w, https:\/\/fatherpeyton.org\/fr\/wp-content\/uploads\/sites\/22\/2025\/08\/map-transparent-bg.webp 1360w\" sizes=\"auto, (max-width: 1024px) 100vw, 1024px\" \/><\/figure>\n\n\n\n<p class=\"has-text-align-center animated fadeInUp slow has-calluna-font-family has-x-medium-font-size wp-block-paragraph\" style=\"padding-top:1rem;padding-right:0rem;padding-bottom:0rem;padding-left:0rem\">Cette carte met en \u00e9vidence les pays o\u00f9 le p\u00e8re Peyton a organis\u00e9 des rassemblements de pri\u00e8re du Rosaire.<\/p>\n<\/div>\n\n\n\n<div class=\"wp-block-group alignfull is-layout-constrained wp-container-core-group-is-layout-8ec45f02 wp-block-group-is-layout-constrained\" style=\"margin-top:0rem;margin-bottom:0rem;padding-top:3.75rem;padding-right:1.25rem;padding-bottom:3.75rem;padding-left:1.25rem\">\n<div class=\"wp-block-columns are-vertically-aligned-top columns-layout columns-reverse title-rearrange-on-mobile is-layout-flex wp-container-core-columns-is-layout-6f9e0450 wp-block-columns-is-layout-flex\" style=\"margin-top:0px;margin-bottom:0px;padding-top:0px;padding-right:0px;padding-bottom:0px;padding-left:0px\">\n<div class=\"wp-block-column is-vertically-aligned-top text-column is-layout-flow wp-block-column-is-layout-flow\">\n<h2 class=\"wp-block-heading animated fadeInUp slow has-tertiary-color has-text-color has-link-color has-playlistscript-font-family has-xx-large-font-size is-heading-wave-line is-wave-line-width-100 is-wave-line-primary is-wave-align-left wp-elements-3\" style=\"padding-top:0rem;padding-right:0rem;padding-bottom:1rem;padding-left:0rem;text-transform:capitalize\">Du premier rassemblement au Canada aux familles du monde entier<\/h2>\n\n\n\n<p class=\"animated fadeInUp delay-100ms slow has-contrast-color has-text-color has-link-color has-calluna-font-family has-x-medium-font-size wp-elements-4 wp-block-paragraph\" style=\"padding-top:0rem;padding-right:0rem;padding-bottom:1rem;padding-left:0rem\">En 1948, apr\u00e8s une rencontre providentielle avec des pr\u00eatres au Canada, le p\u00e8re Peyton fut invit\u00e9 par l&rsquo;\u00e9v\u00eaque John T. Kidd de London, en Ontario, \u00e0 organiser un rassemblement sur la pri\u00e8re en famille. Ce fut le premier des <strong>540 rassemblements organis\u00e9s par le p\u00e8re Peyton \u00e0 travers le monde.<\/strong><\/p>\n\n\n\n<p class=\"animated fadeInUp delay-200ms slow has-contrast-color has-text-color has-link-color has-calluna-font-family has-x-medium-font-size wp-elements-5 wp-block-paragraph\" style=\"padding-top:0rem;padding-right:0rem;padding-bottom:0rem;padding-left:0rem\">Le rassemblement au Canada a \u00e9t\u00e9 un immense succ\u00e8s&nbsp;: plus de 80&nbsp;000 familles, soit 95&nbsp;% du dioc\u00e8se, se sont engag\u00e9es \u00e0 r\u00e9citer fid\u00e8lement le chapelet en famille. Le p\u00e8re Peyton avait ainsi franchi une premi\u00e8re \u00e9tape importante dans son projet initial d\u2019amener 10 millions de familles \u00e0 la pri\u00e8re du chapelet en famille.<\/p>\n<\/div>\n\n\n\n<div class=\"wp-block-column is-vertically-aligned-top columns-layout__left-col is-layout-flow wp-block-column-is-layout-flow\">\n<figure class=\"wp-block-image alignright size-full is-resized has-custom-border animated zoomIn slow\" style=\"margin-top:0rem;margin-right:0rem;margin-bottom:0rem;margin-left:0rem\"><img loading=\"lazy\" decoding=\"async\" width=\"600\" height=\"711\" src=\"https:\/\/fatherpeyton.org\/fr\/wp-content\/uploads\/sites\/22\/2025\/08\/frpeytonrosaryrallystpaulmn.jpg\" alt=\"\" class=\"wp-image-298\" style=\"border-radius:1.25rem;width:702px\" srcset=\"https:\/\/fatherpeyton.org\/fr\/wp-content\/uploads\/sites\/22\/2025\/08\/frpeytonrosaryrallystpaulmn.jpg 600w, https:\/\/fatherpeyton.org\/fr\/wp-content\/uploads\/sites\/22\/2025\/08\/frpeytonrosaryrallystpaulmn-253x300.jpg 253w\" sizes=\"auto, (max-width: 600px) 100vw, 600px\" \/><figcaption class=\"wp-element-caption\"><em><mark style=\"background-color:#FFFFFF\" class=\"has-inline-color has-contrast-color\">Le p\u00e8re Peyton s&rsquo;exprimant lors d&rsquo;un rassemblement de pri\u00e8re du Rosaire en 1958 \u00e0 St. Paul, Minnesota.<\/mark><\/em><\/figcaption><\/figure>\n<\/div>\n<\/div>\n<\/div>\n\n\n\n<div class=\"wp-block-group alignfull has-contrast-background-color has-background is-layout-constrained wp-container-core-group-is-layout-dc6b3205 wp-block-group-is-layout-constrained\" style=\"padding-top:3.75rem;padding-right:1.25rem;padding-bottom:3.75rem;padding-left:1.25rem\"><figure class=\"wp-block-image alignfull video-bg-wrapper max-h-[-webkit-fill-available] video-play-in-background youtube-bg is-playing\">\n            <div class=\"iframe-loader\"><\/div>\n            <iframe\n                id=\"yt-bg-eedae31e-430e-44f9-905a-e7cb0b5ee94d\"\n                class=\"video-bg js-youtube-bg max-h-[-webkit-fill-available]\"\n                src=\"https:\/\/www.youtube.com\/embed\/Mwtip5DNYjk?autoplay=1&#038;mute=1&#038;loop=1&#038;playlist=Mwtip5DNYjk&#038;controls=0&#038;fs=0&#038;disablekb=1&#038;modestbranding=1&#038;rel=0&#038;playsinline=1&#038;enablejsapi=1\"\n                title=\"Background video\"\n                loading=\"lazy\"\n                referrerpolicy=\"strict-origin-when-cross-origin\"\n                frameborder=\"0\"\n                allow=\"autoplay; encrypted-media; picture-in-picture; fullscreen\"\n            ><\/iframe>\n            <img decoding=\"async\" src=\"https:\/\/fatherpeyton.org\/fr\/wp-content\/uploads\/sites\/22\/2025\/08\/maxresdefault-3-1.jpg\" class=\"video-bg-fallback max-h-[-webkit-fill-available]\" alt=\"\" \/>\n            <div class=\"video-controls\">\n                <button class=\"video-toggle-play\" aria-label=\"Play or pause video\">\n                    <svg class=\"icon icon-play\" viewBox=\"0 0 24 24\">\n                        <polygon points=\"5,3 19,12 5,21\"\/>\n                    <\/svg>\n                    <svg class=\"icon icon-pause\" viewBox=\"0 0 24 24\">\n                        <rect x=\"6\" y=\"4\" width=\"4\" height=\"16\"\/>\n                        <rect x=\"14\" y=\"4\" width=\"4\" height=\"16\"\/>\n                    <\/svg>\n                <\/button>\n                <button class=\"video-toggle-sound\" aria-label=\"Mute or unmute video\">\n                    <svg class=\"icon icon-muted\" viewBox=\"0 0 24 24\">\n                        <path d=\"M3 9v6h4l5 4V5L7 9H3z\"\/>\n                        <line x1=\"16\" y1=\"8\" x2=\"22\" y2=\"16\"\/>\n                        <line x1=\"22\" y1=\"8\" x2=\"16\" y2=\"16\"\/>\n                    <\/svg>\n                    <svg class=\"icon icon-sound\" viewBox=\"0 0 24 24\">\n                        <path d=\"M3 9v6h4l5 4V5L7 9H3z\"\/>\n                        <path d=\"M14 9.5a4 4 0 010 5\"\/>\n                        <path d=\"M16.5 7a7 7 0 010 10\"\/>\n                    <\/svg>\n                <\/button>\n            <\/div>\n        <\/figure><\/div>\n\n\n\n<div class=\"wp-block-group is-layout-constrained wp-container-core-group-is-layout-8ec45f02 wp-block-group-is-layout-constrained\" style=\"margin-top:0rem;margin-bottom:0rem;padding-top:3.75rem;padding-right:1.25rem;padding-bottom:3.75rem;padding-left:1.25rem\">\n<div class=\"wp-block-columns is-layout-flex wp-container-core-columns-is-layout-6f9e0450 wp-block-columns-is-layout-flex\" style=\"margin-top:0px;margin-bottom:0px;padding-top:0px;padding-right:0px;padding-bottom:0px;padding-left:0px\">\n<div class=\"wp-block-column is-layout-flow wp-block-column-is-layout-flow\">\n<h2 class=\"wp-block-heading animated fadeInUp slow has-tertiary-color has-text-color has-link-color has-playlistscript-font-family has-xx-large-font-size is-heading-wave-line is-wave-line-width-100 is-wave-line-primary is-wave-align-left wp-elements-6\" style=\"padding-top:0rem;padding-right:0rem;padding-bottom:0rem;padding-left:0rem;text-transform:capitalize\">Le p\u00e8re Peyton s&rsquo;exprime lors d&rsquo;un rassemblement de pri\u00e8re du Rosaire en 1958 \u00e0 St. Paul, Minnesota.<\/h2>\n<\/div>\n\n\n\n<div class=\"wp-block-column is-layout-flow wp-block-column-is-layout-flow\">\n<div class=\"wp-block-group animated fadeInUp slow is-vertical is-nowrap is-layout-flex wp-container-core-group-is-layout-7d1893b5 wp-block-group-is-layout-flex\">\n<h4 class=\"wp-block-heading has-calluna-font-family has-medium-font-size is-heading-wave-line is-wave-line-width-100 is-wave-line-primary is-wave-align-left\" style=\"text-transform:capitalize\">Am\u00e9rique du Nord (1961)<\/h4>\n\n\n\n<p class=\"has-calluna-font-family has-x-medium-font-size wp-block-paragraph\" style=\"padding-top:0rem;padding-right:0rem;padding-bottom:1.25rem;padding-left:0rem\">San Francisco, Californie&nbsp;&#8211; 500&nbsp;000 personnes ont assist\u00e9 \u00e0 son rassemblement<\/p>\n<\/div>\n\n\n\n<div class=\"wp-block-group animated fadeInUp delay-100ms slow is-vertical is-nowrap is-layout-flex wp-container-core-group-is-layout-7d1893b5 wp-block-group-is-layout-flex\">\n<h4 class=\"wp-block-heading has-calluna-font-family has-medium-font-size is-heading-wave-line is-wave-line-width-100 is-wave-line-primary is-wave-align-left\" style=\"text-transform:capitalize\">Am\u00e9rique latine (1962 \u2013 1964)<\/h4>\n\n\n\n<p class=\"has-calluna-font-family has-x-medium-font-size wp-block-paragraph\">Colombie \u2013 1 million<\/p>\n\n\n\n<p class=\"has-calluna-font-family has-x-medium-font-size wp-block-paragraph\">Rio de Janeiro, Br\u00e9sil &#8211; 1,5 million<\/p>\n\n\n\n<p class=\"has-calluna-font-family has-x-medium-font-size wp-block-paragraph\" style=\"padding-top:0rem;padding-right:0rem;padding-bottom:1.25rem;padding-left:0rem\">Sao Paulo, Br\u00e9sil \u2013 2 millions<\/p>\n<\/div>\n\n\n\n<div class=\"wp-block-group animated fadeInUp o-anim-custom-delay o-anim-value-delay-300ms slow is-vertical is-nowrap is-layout-flex wp-container-core-group-is-layout-7d1893b5 wp-block-group-is-layout-flex\">\n<h4 class=\"wp-block-heading has-calluna-font-family has-medium-font-size is-heading-wave-line is-wave-line-width-100 is-wave-line-primary is-wave-align-left\">Europe (1951-1966)<\/h4>\n\n\n\n<p class=\"has-calluna-font-family has-x-medium-font-size wp-block-paragraph\">Angleterre &#8211; 833 500<\/p>\n\n\n\n<p class=\"has-calluna-font-family has-x-medium-font-size wp-block-paragraph\">Irlande \u2013 310 000<\/p>\n\n\n\n<p class=\"has-calluna-font-family has-x-medium-font-size wp-block-paragraph\" style=\"padding-top:0rem;padding-right:0rem;padding-bottom:1.25rem;padding-left:0rem\">Espagne \u2013 2.5 millions<\/p>\n<\/div>\n\n\n\n<div class=\"wp-block-group animated fadeInUp o-anim-custom-delay o-anim-value-delay-400ms slow is-vertical is-nowrap is-layout-flex wp-container-core-group-is-layout-7d1893b5 wp-block-group-is-layout-flex\">\n<h4 class=\"wp-block-heading has-calluna-font-family has-medium-font-size is-heading-wave-line is-wave-line-width-100 is-wave-line-primary is-wave-align-left\">Afrique (1955)<\/h4>\n\n\n\n<p class=\"has-calluna-font-family has-x-medium-font-size wp-block-paragraph\">Tanzanie \u2013 123 000<\/p>\n\n\n\n<p class=\"has-calluna-font-family has-x-medium-font-size wp-block-paragraph\">Ouganda \u2013 130 000<\/p>\n\n\n\n<p class=\"has-calluna-font-family has-x-medium-font-size wp-block-paragraph\">Kenya \u2013 55 000<\/p>\n\n\n\n<p class=\"has-calluna-font-family has-x-medium-font-size wp-block-paragraph\" style=\"padding-top:0rem;padding-right:0rem;padding-bottom:1.25rem;padding-left:0rem\">Afrique du Sud \u2013 187 000<\/p>\n<\/div>\n\n\n\n<div class=\"wp-block-group animated fadeInUp o-anim-custom-delay o-anim-value-delay-500ms slow is-vertical is-nowrap is-layout-flex wp-container-core-group-is-layout-7d1893b5 wp-block-group-is-layout-flex\">\n<h4 class=\"wp-block-heading has-calluna-font-family has-medium-font-size is-heading-wave-line is-wave-line-width-100 is-wave-line-primary is-wave-align-left\">Asie (1955 &#8211; 1985)<\/h4>\n\n\n\n<p class=\"has-calluna-font-family has-x-medium-font-size wp-block-paragraph\">Philippines \u2013 2 millions<\/p>\n\n\n\n<p class=\"has-calluna-font-family has-x-medium-font-size wp-block-paragraph\">Tha\u00eflande \u2013 1 000<\/p>\n\n\n\n<p class=\"has-calluna-font-family has-x-medium-font-size wp-block-paragraph\">Singapour &#8211; 20 000<\/p>\n<\/div>\n<\/div>\n<\/div>\n<\/div>\n\n\n\n<div class=\"wp-block-group alignfull has-contrast-background-color has-background is-layout-constrained wp-container-core-group-is-layout-dc6b3205 wp-block-group-is-layout-constrained\" style=\"padding-top:3.75rem;padding-right:1.25rem;padding-bottom:3.75rem;padding-left:1.25rem\"><figure class=\"wp-block-image alignfull video-bg-wrapper max-h-[-webkit-fill-available] video-play-in-background youtube-bg is-playing\">\n            <div class=\"iframe-loader\"><\/div>\n            <iframe\n                id=\"yt-bg-96eb9953-7ca2-4889-8834-019a1d6db0ba\"\n                class=\"video-bg js-youtube-bg max-h-[-webkit-fill-available]\"\n                src=\"https:\/\/www.youtube.com\/embed\/_5RKhBfuQbg?autoplay=1&#038;mute=1&#038;loop=1&#038;playlist=_5RKhBfuQbg&#038;controls=0&#038;fs=0&#038;disablekb=1&#038;modestbranding=1&#038;rel=0&#038;playsinline=1&#038;enablejsapi=1\"\n                title=\"Background video\"\n                loading=\"lazy\"\n                referrerpolicy=\"strict-origin-when-cross-origin\"\n                frameborder=\"0\"\n                allow=\"autoplay; encrypted-media; picture-in-picture; fullscreen\"\n            ><\/iframe>\n            <img decoding=\"async\" src=\"https:\/\/fatherpeyton.org\/fr\/wp-content\/uploads\/sites\/22\/2025\/08\/maxresdefault-4.jpg\" class=\"video-bg-fallback max-h-[-webkit-fill-available]\" alt=\"\" \/>\n            <div class=\"video-controls\">\n                <button class=\"video-toggle-play\" aria-label=\"Play or pause video\">\n                    <svg class=\"icon icon-play\" viewBox=\"0 0 24 24\">\n                        <polygon points=\"5,3 19,12 5,21\"\/>\n                    <\/svg>\n                    <svg class=\"icon icon-pause\" viewBox=\"0 0 24 24\">\n                        <rect x=\"6\" y=\"4\" width=\"4\" height=\"16\"\/>\n                        <rect x=\"14\" y=\"4\" width=\"4\" height=\"16\"\/>\n                    <\/svg>\n                <\/button>\n                <button class=\"video-toggle-sound\" aria-label=\"Mute or unmute video\">\n                    <svg class=\"icon icon-muted\" viewBox=\"0 0 24 24\">\n                        <path d=\"M3 9v6h4l5 4V5L7 9H3z\"\/>\n                        <line x1=\"16\" y1=\"8\" x2=\"22\" y2=\"16\"\/>\n                        <line x1=\"22\" y1=\"8\" x2=\"16\" y2=\"16\"\/>\n                    <\/svg>\n                    <svg class=\"icon icon-sound\" viewBox=\"0 0 24 24\">\n                        <path d=\"M3 9v6h4l5 4V5L7 9H3z\"\/>\n                        <path d=\"M14 9.5a4 4 0 010 5\"\/>\n                        <path d=\"M16.5 7a7 7 0 010 10\"\/>\n                    <\/svg>\n                <\/button>\n            <\/div>\n        <\/figure><\/div>\n\n\n\n<div class=\"wp-block-group is-layout-constrained wp-container-core-group-is-layout-e36c3570 wp-block-group-is-layout-constrained\" style=\"margin-top:0rem;margin-bottom:0rem;padding-top:3.75rem;padding-right:1.25rem;padding-bottom:0rem;padding-left:1.25rem\">\n<p class=\"has-text-align-center animated fadeInUp slow has-calluna-font-family has-x-medium-font-size wp-block-paragraph\">Le message que le p\u00e8re Peyton souhaitait partager lors de ces rassemblements \u00e9tait simple&nbsp;: <strong>l\u2019unit\u00e9 familiale par la pri\u00e8re en famille<\/strong>. Ses slogans populaires inspirent encore aujourd\u2019hui des familles du monde entier&nbsp;:<\/p>\n\n\n\n<p class=\"has-text-align-center animated fadeInUp delay-100ms slow has-calluna-font-family has-x-medium-font-size wp-block-paragraph\"><strong>\u00ab La famille qui prie ensemble reste unie \u00bb<\/strong><\/p>\n\n\n\n<p class=\"has-text-align-center animated fadeInUp o-anim-custom-delay o-anim-value-delay-300ms slow has-calluna-font-family has-x-medium-font-size wp-block-paragraph\">et<\/p>\n\n\n\n<p class=\"has-text-align-center animated fadeInUp o-anim-custom-delay o-anim-value-delay-400ms slow has-calluna-font-family has-x-medium-font-size wp-block-paragraph\"><strong>\u00ab Un monde en pri\u00e8re est un monde en paix \u00bb<\/strong><\/p>\n\n\n\n<p class=\"has-text-align-center animated fadeInUp o-anim-custom-delay o-anim-value-delay-500ms slow has-calluna-font-family has-x-medium-font-size wp-block-paragraph\">Un rassemblement pour la r\u00e9citation du <strong>Rosaire marquait<\/strong> l&rsquo;apog\u00e9e de nombreux \u00e9v\u00e9nements importants. Il s&rsquo;agissait d&rsquo;une d\u00e9marche impliquant toute la communaut\u00e9. Le p\u00e8re Peyton d\u00e9signait ce processus sous le nom des <strong>Six Montagnes.<\/strong><\/p>\n<\/div>\n\n\n\n<div class=\"wp-block-group alignfull is-layout-constrained wp-container-core-group-is-layout-8ec45f02 wp-block-group-is-layout-constrained\" style=\"margin-top:0rem;margin-bottom:0rem;padding-top:3.75rem;padding-right:1.25rem;padding-bottom:3.75rem;padding-left:1.25rem\">\n<div class=\"wp-block-columns are-vertically-aligned-top columns-layout title-rearrange-on-mobile is-layout-flex wp-container-core-columns-is-layout-6f9e0450 wp-block-columns-is-layout-flex\" style=\"margin-top:0px;margin-bottom:0px;padding-top:0px;padding-right:0px;padding-bottom:0px;padding-left:0px\">\n<div class=\"wp-block-column is-vertically-aligned-top columns-layout__left-col is-layout-flow wp-block-column-is-layout-flow\">\n<figure class=\"wp-block-image size-full is-resized has-custom-border animated zoomIn slow\" style=\"margin-top:0rem;margin-right:0rem;margin-bottom:0rem;margin-left:0rem\"><img loading=\"lazy\" decoding=\"async\" width=\"600\" height=\"802\" src=\"https:\/\/fatherpeyton.org\/fr\/wp-content\/uploads\/sites\/22\/2025\/08\/six_mountaints_handbooks.jpg\" alt=\"\" class=\"wp-image-302\" style=\"border-radius:1.25rem;aspect-ratio:0.7481407546578989;width:597px;height:auto\" srcset=\"https:\/\/fatherpeyton.org\/fr\/wp-content\/uploads\/sites\/22\/2025\/08\/six_mountaints_handbooks.jpg 600w, https:\/\/fatherpeyton.org\/fr\/wp-content\/uploads\/sites\/22\/2025\/08\/six_mountaints_handbooks-224x300.jpg 224w\" sizes=\"auto, (max-width: 600px) 100vw, 600px\" \/><figcaption class=\"wp-element-caption\"><em><mark style=\"background-color:#FFFFFF\" class=\"has-inline-color has-contrast-color\">Exemples de manuels de Six Montagnes provenant de divers rassemblements du Rosaire \u00e0 travers le monde.<\/mark><\/em><\/figcaption><\/figure>\n<\/div>\n\n\n\n<div class=\"wp-block-column is-vertically-aligned-top text-column is-layout-flow wp-block-column-is-layout-flow\">\n<h2 class=\"wp-block-heading animated fadeInUp slow has-tertiary-color has-text-color has-link-color has-playlistscript-font-family has-xx-large-font-size is-heading-wave-line is-wave-line-width-100 is-wave-line-primary is-wave-align-left wp-elements-7\" style=\"padding-top:0rem;padding-right:0rem;padding-bottom:1rem;padding-left:0rem;text-transform:capitalize\">Six montagnes pour Notre-Dame<\/h2>\n\n\n\n<h4 class=\"wp-block-heading animated fadeInUp slow delay-100ms has-contrast-color has-text-color has-link-color has-calluna-font-family has-medium-font-size is-heading-wave-line is-wave-line-width-100 is-wave-line-primary is-wave-align-left wp-elements-8\" style=\"padding-top:0rem;padding-right:0rem;padding-bottom:1rem;padding-left:0rem;text-transform:capitalize\">Obtenir la b\u00e9n\u00e9diction et le soutien dans tout l&rsquo;archidioc\u00e8se<\/h4>\n\n\n\n<ol class=\"wp-block-list has-whitney-font-family has-small-font-size\">\n<li class=\"animated fadeInUp delay-200ms slow has-calluna-font-family has-x-medium-font-size\" style=\"padding-top:0rem;padding-right:0rem;padding-bottom:0.63rem;padding-left:0rem\"><strong>Quarante<\/strong> Heures Saintes \u00e9taient pr\u00e9vues et chacun \u00e9tait invit\u00e9 \u00e0 offrir son Heure Sainte \u00e0 Marie, Notre-Dame, pour le succ\u00e8s du Rallye.<\/li>\n\n\n\n<li class=\"animated fadeInUp o-anim-custom-delay o-anim-value-delay-300ms slow has-calluna-font-family has-x-medium-font-size\" style=\"padding-top:0rem;padding-right:0rem;padding-bottom:0.63rem;padding-left:0rem\"><strong>Quarante<\/strong> messes ont \u00e9t\u00e9 offertes et tous \u00e9taient invit\u00e9s \u00e0 prier Marie, Notre-Dame, pour le succ\u00e8s du rallye.<\/li>\n\n\n\n<li class=\"animated fadeInUp o-anim-custom-delay o-anim-value-delay-400ms slow has-calluna-font-family has-x-medium-font-size\" style=\"padding-top:0rem;padding-right:0rem;padding-bottom:0.63rem;padding-left:0rem\"><strong>Des hom\u00e9lies<\/strong> ont \u00e9t\u00e9 prononc\u00e9es par des pr\u00eatres locaux sur l&rsquo;importance de la pri\u00e8re en famille et pour encourager la participation au rassemblement.<\/li>\n\n\n\n<li class=\"animated fadeInUp o-anim-custom-delay o-anim-value-delay-500ms slow has-calluna-font-family has-x-medium-font-size\" style=\"padding-top:0rem;padding-right:0rem;padding-bottom:0.63rem;padding-left:0rem\"><strong>Formation<\/strong> d&rsquo;hommes et de femmes\/programme \u00e9ducatif &#8211; Des cartes d&rsquo;engagement ont \u00e9t\u00e9 distribu\u00e9es aux familles et re\u00e7ues de celles-ci promettant de prier et d&rsquo;assister au rassemblement.<\/li>\n\n\n\n<li class=\"animated fadeInUp o-anim-custom-delay o-anim-value-delay-600ms has-calluna-font-family has-x-medium-font-size\" style=\"padding-top:0rem;padding-right:0rem;padding-bottom:0.63rem;padding-left:0rem\"><strong>Campagne<\/strong> dans les h\u00f4pitaux et les prisons pour encourager la pri\u00e8re. Des visites ont \u00e9t\u00e9 organis\u00e9es et les gens ont \u00e9t\u00e9 invit\u00e9s \u00e0 confier leurs peines, leurs peurs, leurs souffrances, etc., pour le succ\u00e8s du rassemblement.<\/li>\n\n\n\n<li class=\"animated fadeInUp o-anim-custom-delay o-anim-value-delay-700ms slow has-calluna-font-family has-x-medium-font-size\" style=\"padding-top:0rem;padding-right:0rem;padding-bottom:0rem;padding-left:0rem\"><strong>Enfin<\/strong>, le rassemblement du Rosaire a permis aux familles de se r\u00e9unir pour prier, c\u00e9l\u00e9brer et r\u00e9citer le Rosaire. L&rsquo;\u00e9v\u00e9nement comprenait une procession religieuse, des hom\u00e9lies et la b\u00e9n\u00e9diction du Saint-Sacrement (adoration du Christ par des pri\u00e8res, des chants et des lectures devant l&rsquo;ostensoir).<br><\/li>\n<\/ol>\n<\/div>\n<\/div>\n<\/div>\n\n\n\n<div class=\"wp-block-group is-layout-constrained wp-container-core-group-is-layout-81249118 wp-block-group-is-layout-constrained\" style=\"padding-top:0rem;padding-right:1.25rem;padding-bottom:0rem;padding-left:1.25rem\">\n<figure class=\"wp-block-image aligncenter size-large is-resized has-custom-border animated zoomIn slow\" style=\"margin-top:0px;margin-right:0px;margin-bottom:0px;margin-left:0px\"><img loading=\"lazy\" decoding=\"async\" width=\"1024\" height=\"522\" src=\"https:\/\/fatherpeyton.org\/fr\/wp-content\/uploads\/sites\/22\/2025\/08\/riorallydec16th3-1024x522.jpg\" alt=\"\" class=\"wp-image-303\" style=\"border-radius:1.25rem;width:1024px;height:auto\" srcset=\"https:\/\/fatherpeyton.org\/fr\/wp-content\/uploads\/sites\/22\/2025\/08\/riorallydec16th3-1024x522.jpg 1024w, https:\/\/fatherpeyton.org\/fr\/wp-content\/uploads\/sites\/22\/2025\/08\/riorallydec16th3-300x153.jpg 300w, https:\/\/fatherpeyton.org\/fr\/wp-content\/uploads\/sites\/22\/2025\/08\/riorallydec16th3-768x392.jpg 768w, https:\/\/fatherpeyton.org\/fr\/wp-content\/uploads\/sites\/22\/2025\/08\/riorallydec16th3-1536x783.jpg 1536w, https:\/\/fatherpeyton.org\/fr\/wp-content\/uploads\/sites\/22\/2025\/08\/riorallydec16th3.jpg 1600w\" sizes=\"auto, (max-width: 1024px) 100vw, 1024px\" \/><figcaption class=\"wp-element-caption\"><em><mark style=\"background-color:#FFFFFF\" class=\"has-inline-color has-contrast-color\">Le p\u00e8re Peyton, un chapelet dans la main gauche, lors du rassemblement du Rosaire \u00e0 Rio de Janeiro, le 16 d\u00e9cembre 1962.<\/mark><\/em><\/figcaption><\/figure>\n<\/div>\n\n\n\n<div class=\"wp-block-group is-layout-constrained wp-container-core-group-is-layout-6ec2753e wp-block-group-is-layout-constrained\" style=\"margin-top:0px;margin-bottom:0px;padding-top:3.75rem;padding-right:1.25rem;padding-bottom:0rem;padding-left:1.25rem\">\n<h2 class=\"wp-block-heading has-text-align-center animated fadeInUp slow has-tertiary-color has-text-color has-link-color has-playlistscript-font-family has-xx-large-font-size is-heading-wave-line is-wave-line-width-100 is-wave-line-primary is-wave-align-left wp-elements-9\" style=\"padding-top:0rem;padding-right:0rem;padding-bottom:1rem;padding-left:0rem;text-transform:capitalize\">Un regard approfondi&nbsp;: Rio de Janeiro<\/h2>\n\n\n\n<p class=\"has-text-align-center animated fadeInUp delay-100ms slow has-contrast-color has-text-color has-link-color has-calluna-font-family has-x-medium-font-size wp-elements-10 wp-block-paragraph\" style=\"padding-top:0rem;padding-right:0rem;padding-bottom:0rem;padding-left:0rem\">Nous allons examiner ci-dessous un rassemblement de pri\u00e8re du Rosaire \u00e0 titre d&rsquo;exemple pour comprendre l&rsquo;approche communautaire globale du p\u00e8re Peyton en mati\u00e8re d&rsquo;organisation d&rsquo;un tel rassemblement.<\/p>\n<\/div>\n\n\n\n<div class=\"wp-block-group alignfull is-layout-constrained wp-container-core-group-is-layout-8ec45f02 wp-block-group-is-layout-constrained\" style=\"margin-top:0rem;margin-bottom:0rem;padding-top:3.75rem;padding-right:1.25rem;padding-bottom:3.75rem;padding-left:1.25rem\">\n<div class=\"wp-block-columns are-vertically-aligned-top columns-layout columns-reverse is-layout-flex wp-container-core-columns-is-layout-6f9e0450 wp-block-columns-is-layout-flex\" style=\"margin-top:0px;margin-bottom:0px;padding-top:0px;padding-right:0px;padding-bottom:0px;padding-left:0px\">\n<div class=\"wp-block-column is-vertically-aligned-top columns-layout__left-col is-layout-flow wp-block-column-is-layout-flow\">\n<figure class=\"wp-block-image size-full is-resized has-custom-border animated zoomIn slow\" style=\"margin-top:0rem;margin-right:0rem;margin-bottom:0rem;margin-left:0rem\"><img loading=\"lazy\" decoding=\"async\" width=\"600\" height=\"424\" src=\"https:\/\/fatherpeyton.org\/fr\/wp-content\/uploads\/sites\/22\/2025\/08\/frquinn-cardinaldom-frpeytonrio1962.webp\" alt=\"\" class=\"wp-image-304\" style=\"border-radius:1.25rem;width:702px\" srcset=\"https:\/\/fatherpeyton.org\/fr\/wp-content\/uploads\/sites\/22\/2025\/08\/frquinn-cardinaldom-frpeytonrio1962.webp 600w, https:\/\/fatherpeyton.org\/fr\/wp-content\/uploads\/sites\/22\/2025\/08\/frquinn-cardinaldom-frpeytonrio1962-300x212.webp 300w\" sizes=\"auto, (max-width: 600px) 100vw, 600px\" \/><figcaption class=\"wp-element-caption\"><em><mark style=\"background-color:#FFFFFF\" class=\"has-inline-color has-contrast-color\">Father Joseph Quinn, C.S.C., looks on as Father Peyton greets the Cardinal.<\/mark><\/em><\/figcaption><\/figure>\n<\/div>\n\n\n\n<div class=\"wp-block-column is-vertically-aligned-top text-column is-layout-flow wp-block-column-is-layout-flow\">\n<h4 class=\"wp-block-heading animated fadeInUp slow delay-100ms has-contrast-color has-text-color has-link-color has-calluna-font-family has-medium-font-size is-heading-wave-line is-wave-line-width-100 is-wave-line-primary is-wave-align-left wp-elements-11\" style=\"padding-top:0rem;padding-right:0rem;padding-bottom:1rem;padding-left:0rem;text-transform:capitalize\">Soutien local, Heures saintes, messes et hom\u00e9lies, ao\u00fbt 1962<\/h4>\n\n\n\n<ol class=\"wp-block-list has-whitney-font-family has-small-font-size\">\n<li class=\"animated fadeInUp delay-200ms slow has-calluna-font-family has-x-medium-font-size\" style=\"padding-top:0rem;padding-right:0rem;padding-bottom:0.63rem;padding-left:0rem\">Le p\u00e8re Peyton a contact\u00e9 le cardinal Dom Jaime de Barros Camara, qui a donn\u00e9 sa b\u00e9n\u00e9diction et son soutien.<\/li>\n\n\n\n<li class=\"animated fadeInUp o-anim-custom-delay o-anim-value-delay-300ms slow has-calluna-font-family has-x-medium-font-size\" style=\"padding-top:0rem;padding-right:0rem;padding-bottom:0.63rem;padding-left:0rem\">\u00c9quipe constitu\u00e9e&nbsp;: 4 pr\u00eatres de Sainte-Croix, 2 pr\u00eatres dioc\u00e9sains, 9 missionnaires. En coordination avec le dioc\u00e8se et des b\u00e9n\u00e9voles (hommes et femmes, par bin\u00f4mes).<\/li>\n\n\n\n<li class=\"animated fadeInUp o-anim-custom-delay o-anim-value-delay-400ms slow has-calluna-font-family has-x-medium-font-size\" style=\"padding-top:0rem;padding-right:0rem;padding-bottom:0.63rem;padding-left:0rem\">Une r\u00e9union est organis\u00e9e avec les cur\u00e9s de la paroisse.<\/li>\n\n\n\n<li class=\"animated fadeInUp o-anim-custom-delay o-anim-value-delay-500ms slow has-calluna-font-family has-x-medium-font-size\" style=\"padding-top:0rem;padding-right:0rem;padding-bottom:0rem;padding-left:0rem\">40 Heures Saintes, 40 Messes et Hom\u00e9lies sont pr\u00e9vues dans les paroisses.<\/li>\n<\/ol>\n<\/div>\n<\/div>\n<\/div>\n\n\n\n<div class=\"wp-block-group alignfull is-layout-constrained wp-container-core-group-is-layout-63cb56a7 wp-block-group-is-layout-constrained\" style=\"margin-top:0rem;margin-bottom:0rem;padding-top:0rem;padding-right:1.25rem;padding-bottom:3.75rem;padding-left:1.25rem\">\n<div class=\"wp-block-columns are-vertically-aligned-top columns-layout columns-reverse title-rearrange-on-mobile is-layout-flex wp-container-core-columns-is-layout-6f9e0450 wp-block-columns-is-layout-flex\" style=\"margin-top:0px;margin-bottom:0px;padding-top:0px;padding-right:0px;padding-bottom:0px;padding-left:0px\">\n<div class=\"wp-block-column is-vertically-aligned-top text-column is-layout-flow wp-block-column-is-layout-flow\">\n<h4 class=\"wp-block-heading animated fadeInUp slow delay-100ms has-contrast-color has-text-color has-link-color has-calluna-font-family has-medium-font-size is-heading-wave-line is-wave-line-width-100 is-wave-line-primary is-wave-align-left wp-elements-12\" style=\"padding-top:0rem;padding-right:0rem;padding-bottom:1rem;padding-left:0rem;text-transform:capitalize\">Formation \u2013 Des \u00e9coliers d\u00e9couvrent le Rosaire, septembre 1962<\/h4>\n\n\n\n<ol class=\"wp-block-list has-whitney-font-family has-small-font-size\">\n<li class=\"animated fadeInUp delay-200ms slow has-calluna-font-family has-x-medium-font-size\" style=\"padding-top:0rem;padding-right:0rem;padding-bottom:0.63rem;padding-left:0rem\">Des pr\u00e9sentations, comprenant des histoires et des films, dans les \u00e9coles pour toucher 600 000 enfants.<\/li>\n\n\n\n<li class=\"animated fadeInUp o-anim-custom-delay o-anim-value-delay-300ms slow has-calluna-font-family has-x-medium-font-size\" style=\"padding-top:0rem;padding-right:0rem;padding-bottom:0rem;padding-left:0rem\">Les cartes de promesse de don sont sign\u00e9es.<\/li>\n<\/ol>\n<\/div>\n\n\n\n<div class=\"wp-block-column is-vertically-aligned-top columns-layout__left-col is-layout-flow wp-block-column-is-layout-flow\">\n<figure class=\"wp-block-image alignright size-full is-resized has-custom-border animated zoomIn slow\" style=\"margin-top:0rem;margin-right:0rem;margin-bottom:0rem;margin-left:0rem\"><img loading=\"lazy\" decoding=\"async\" width=\"600\" height=\"439\" src=\"https:\/\/fatherpeyton.org\/fr\/wp-content\/uploads\/sites\/22\/2025\/08\/rioschoolcampaign-1962.webp\" alt=\"\" class=\"wp-image-305\" style=\"border-radius:1.25rem;object-fit:cover;width:702px;height:500px\" srcset=\"https:\/\/fatherpeyton.org\/fr\/wp-content\/uploads\/sites\/22\/2025\/08\/rioschoolcampaign-1962.webp 600w, https:\/\/fatherpeyton.org\/fr\/wp-content\/uploads\/sites\/22\/2025\/08\/rioschoolcampaign-1962-300x220.webp 300w\" sizes=\"auto, (max-width: 600px) 100vw, 600px\" \/><figcaption class=\"wp-element-caption\"><em><mark style=\"background-color:#FFFFFF\" class=\"has-inline-color has-contrast-color\">Les \u00e9coliers apprennent le Rosaire.<\/mark><\/em><\/figcaption><\/figure>\n<\/div>\n<\/div>\n<\/div>\n\n\n\n<div class=\"wp-block-group alignfull is-layout-constrained wp-container-core-group-is-layout-63cb56a7 wp-block-group-is-layout-constrained\" style=\"margin-top:0rem;margin-bottom:0rem;padding-top:0rem;padding-right:1.25rem;padding-bottom:3.75rem;padding-left:1.25rem\">\n<div class=\"wp-block-columns are-vertically-aligned-top columns-layout title-rearrange-on-mobile is-layout-flex wp-container-core-columns-is-layout-6f9e0450 wp-block-columns-is-layout-flex\" style=\"margin-top:0px;margin-bottom:0px;padding-top:0px;padding-right:0px;padding-bottom:0px;padding-left:0px\">\n<div class=\"wp-block-column is-vertically-aligned-top columns-layout__left-col is-layout-flow wp-block-column-is-layout-flow\">\n<figure class=\"wp-block-image size-full is-resized has-custom-border animated zoomIn slow\" style=\"margin-top:0rem;margin-right:0rem;margin-bottom:0rem;margin-left:0rem\"><img loading=\"lazy\" decoding=\"async\" width=\"600\" height=\"439\" src=\"https:\/\/fatherpeyton.org\/fr\/wp-content\/uploads\/sites\/22\/2025\/08\/rio-hospital-1962-v20.jpg\" alt=\"\" class=\"wp-image-306\" style=\"border-radius:1.25rem;width:702px\" srcset=\"https:\/\/fatherpeyton.org\/fr\/wp-content\/uploads\/sites\/22\/2025\/08\/rio-hospital-1962-v20.jpg 600w, https:\/\/fatherpeyton.org\/fr\/wp-content\/uploads\/sites\/22\/2025\/08\/rio-hospital-1962-v20-300x220.jpg 300w\" sizes=\"auto, (max-width: 600px) 100vw, 600px\" \/><figcaption class=\"wp-element-caption\"><em><mark style=\"background-color:#FFFFFF\" class=\"has-inline-color has-contrast-color\">Des prisonniers visionnent les films sur les 15 Myst\u00e8res du Rosaire.<\/mark><\/em><\/figcaption><\/figure>\n<\/div>\n\n\n\n<div class=\"wp-block-column is-vertically-aligned-top text-column is-layout-flow wp-block-column-is-layout-flow\">\n<h4 class=\"wp-block-heading animated fadeInUp slow delay-100ms has-contrast-color has-text-color has-link-color has-calluna-font-family has-medium-font-size is-heading-wave-line is-wave-line-width-100 is-wave-line-primary is-wave-align-left wp-elements-13\" style=\"padding-top:0rem;padding-right:0rem;padding-bottom:1rem;padding-left:0rem;text-transform:capitalize\">Campagnes pour encourager la pri\u00e8re, novembre 1962<\/h4>\n\n\n\n<ol class=\"wp-block-list has-whitney-font-family has-small-font-size\">\n<li class=\"animated fadeInUp delay-200ms slow has-calluna-font-family has-x-medium-font-size\" style=\"padding-top:0rem;padding-right:0rem;padding-bottom:0.63rem;padding-left:0rem\">Campagne dans les h\u00f4pitaux \u2013 24 h\u00f4pitaux et plus de 6&nbsp;000 patients \u00e9taient pr\u00e9sents. \u00ab&nbsp;Tr\u00e8s impressionn\u00e9s par ce moment de gr\u00e2ce.&nbsp;\u00bb<\/li>\n\n\n\n<li class=\"animated fadeInUp o-anim-custom-delay o-anim-value-delay-300ms slow has-calluna-font-family has-x-medium-font-size\" style=\"padding-top:0rem;padding-right:0rem;padding-bottom:0rem;padding-left:0rem\">Campagne en prison \u2013 Outre d\u2019autres prisons, \u00e0 la prison de Brito, 500 des 700 d\u00e9tenus ont assist\u00e9 aux projections de films.<\/li>\n<\/ol>\n<\/div>\n<\/div>\n<\/div>\n\n\n\n<div class=\"wp-block-group is-layout-constrained wp-container-core-group-is-layout-1e76f39e wp-block-group-is-layout-constrained\" style=\"margin-top:0rem;margin-bottom:0rem;padding-top:0rem;padding-right:1.25rem;padding-bottom:0rem;padding-left:1.25rem\">\n<h4 class=\"wp-block-heading has-text-align-center animated fadeInUp slow delay-100ms has-contrast-color has-text-color has-link-color has-calluna-font-family has-medium-font-size is-heading-wave-line is-wave-line-width-100 is-wave-line-primary is-wave-align-left wp-elements-14\" style=\"padding-top:0rem;padding-right:0rem;padding-bottom:1rem;padding-left:0rem;text-transform:capitalize\">L&rsquo;excitation monte \u00e0 Rio, novembre 1962<\/h4>\n\n\n\n<ol class=\"wp-block-list has-whitney-font-family has-small-font-size\">\n<li class=\"animated fadeInUp delay-200ms slow has-calluna-font-family has-x-medium-font-size\" style=\"padding-top:0rem;padding-right:0rem;padding-bottom:0.63rem;padding-left:0rem\">Lettre lue dans toutes les \u00e9glises, mentionn\u00e9e dans 15 journaux et annonc\u00e9e sur les 3 cha\u00eenes de t\u00e9l\u00e9vision et 10 stations de radio.<\/li>\n\n\n\n<li class=\"animated fadeInUp o-anim-custom-delay o-anim-value-delay-300ms slow has-calluna-font-family has-x-medium-font-size\" style=\"padding-top:0rem;padding-right:0rem;padding-bottom:0.63rem;padding-left:0rem\">474 500 cartes d&rsquo;engagement ont \u00e9t\u00e9 distribu\u00e9es aux paroisses pour \u00eatre sign\u00e9es par les familles promettant de prier quotidiennement dans leurs foyers.<\/li>\n\n\n\n<li class=\"animated fadeInUp o-anim-custom-delay o-anim-value-delay-400ms slow has-calluna-font-family has-x-medium-font-size\" style=\"padding-top:0rem;padding-right:0rem;padding-bottom:0rem;padding-left:0rem\">Campagne publicitaire lanc\u00e9e&nbsp;: 962&nbsp;450 supports publicitaires. Parmi les sponsors&nbsp;: Coca-Cola, Texaco, Ron Bacardi et Gillette.<\/li>\n<\/ol>\n\n\n\n<figure class=\"wp-block-image size-large animated zoomIn slow\" style=\"margin-top:2.5rem;margin-right:0rem;margin-bottom:2.5rem;margin-left:0rem\"><img loading=\"lazy\" decoding=\"async\" width=\"1024\" height=\"181\" src=\"https:\/\/fatherpeyton.org\/fr\/wp-content\/uploads\/sites\/22\/2025\/08\/logos2-Photoroom-1024x181.png\" alt=\"\" class=\"wp-image-308\" srcset=\"https:\/\/fatherpeyton.org\/fr\/wp-content\/uploads\/sites\/22\/2025\/08\/logos2-Photoroom-1024x181.png 1024w, https:\/\/fatherpeyton.org\/fr\/wp-content\/uploads\/sites\/22\/2025\/08\/logos2-Photoroom-300x53.png 300w, https:\/\/fatherpeyton.org\/fr\/wp-content\/uploads\/sites\/22\/2025\/08\/logos2-Photoroom-768x135.png 768w, https:\/\/fatherpeyton.org\/fr\/wp-content\/uploads\/sites\/22\/2025\/08\/logos2-Photoroom.png 1140w\" sizes=\"auto, (max-width: 1024px) 100vw, 1024px\" \/><\/figure>\n<\/div>\n\n\n\n<div class=\"wp-block-group alignfull is-layout-constrained wp-container-core-group-is-layout-63cb56a7 wp-block-group-is-layout-constrained\" style=\"margin-top:0rem;margin-bottom:0rem;padding-top:0rem;padding-right:1.25rem;padding-bottom:3.75rem;padding-left:1.25rem\">\n<div class=\"wp-block-columns are-vertically-aligned-top columns-layout title-rearrange-on-mobile is-layout-flex wp-container-core-columns-is-layout-6f9e0450 wp-block-columns-is-layout-flex\" style=\"margin-top:0px;margin-bottom:0px;padding-top:0px;padding-right:0px;padding-bottom:0px;padding-left:0px\">\n<div class=\"wp-block-column is-vertically-aligned-top columns-layout__left-col is-layout-flow wp-block-column-is-layout-flow\">\n<figure class=\"wp-block-image size-full is-resized has-custom-border animated zoomIn slow\" style=\"margin-top:0rem;margin-right:0rem;margin-bottom:0rem;margin-left:0rem\"><img loading=\"lazy\" decoding=\"async\" width=\"600\" height=\"439\" src=\"https:\/\/fatherpeyton.org\/fr\/wp-content\/uploads\/sites\/22\/2025\/08\/rio-hospital-1962-v20.jpg\" alt=\"\" class=\"wp-image-306\" style=\"border-radius:1.25rem;width:702px\" srcset=\"https:\/\/fatherpeyton.org\/fr\/wp-content\/uploads\/sites\/22\/2025\/08\/rio-hospital-1962-v20.jpg 600w, https:\/\/fatherpeyton.org\/fr\/wp-content\/uploads\/sites\/22\/2025\/08\/rio-hospital-1962-v20-300x220.jpg 300w\" sizes=\"auto, (max-width: 600px) 100vw, 600px\" \/><figcaption class=\"wp-element-caption\"><em><mark style=\"background-color:#FFFFFF\" class=\"has-inline-color has-contrast-color\">Des prisonniers visionnent les films sur les 15 Myst\u00e8res du Rosaire.<\/mark><\/em><\/figcaption><\/figure>\n<\/div>\n\n\n\n<div class=\"wp-block-column is-vertically-aligned-top text-column is-layout-flow wp-block-column-is-layout-flow\">\n<h4 class=\"wp-block-heading animated fadeInUp slow has-contrast-color has-text-color has-link-color has-calluna-font-family has-medium-font-size is-heading-wave-line is-wave-line-width-100 is-wave-line-primary is-wave-align-left wp-elements-15\" style=\"padding-top:0rem;padding-right:0rem;padding-bottom:1rem;padding-left:0rem;text-transform:capitalize\">Rassemblement du Rosaire, 16 d\u00e9cembre 1962<\/h4>\n\n\n\n<h5 class=\"wp-block-heading animated fadeInUp delay-100ms slow has-calluna-font-family has-x-medium-font-size is-heading-wave-line is-wave-line-width-100 is-wave-line-primary is-wave-align-left\" style=\"padding-top:0rem;padding-right:0rem;padding-bottom:1rem;padding-left:0rem\">Faits int\u00e9ressants&nbsp;:<\/h5>\n\n\n\n<ol class=\"wp-block-list has-whitney-font-family has-small-font-size\">\n<li class=\"animated fadeInUp delay-200ms slow has-calluna-font-family has-x-medium-font-size\" style=\"padding-top:0rem;padding-right:0rem;padding-bottom:0.63rem;padding-left:0rem\">1,5 million de personnes y assistent<\/li>\n\n\n\n<li class=\"animated fadeInUp o-anim-custom-delay o-anim-value-delay-300ms slow has-calluna-font-family has-x-medium-font-size\" style=\"padding-top:0rem;padding-right:0rem;padding-bottom:0.63rem;padding-left:0rem\">Un match de football national a \u00e9t\u00e9 reprogramm\u00e9.<\/li>\n\n\n\n<li class=\"animated fadeInUp o-anim-custom-delay slow o-anim-value-delay-400ms has-calluna-font-family has-x-medium-font-size\" style=\"padding-top:0rem;padding-right:0rem;padding-bottom:0.63rem;padding-left:0rem\">200 banni\u00e8res<\/li>\n\n\n\n<li class=\"animated fadeInUp o-anim-custom-delay slow o-anim-value-delay-500ms has-calluna-font-family has-x-medium-font-size\" style=\"padding-top:0rem;padding-right:0rem;padding-bottom:0.63rem;padding-left:0rem\">250 grandes affiches<\/li>\n\n\n\n<li class=\"animated fadeInUp o-anim-custom-delay slow o-anim-value-delay-600ms has-calluna-font-family has-x-medium-font-size\" style=\"padding-top:0rem;padding-right:0rem;padding-bottom:0.63rem;padding-left:0rem\">91 000 petites affiches<\/li>\n\n\n\n<li class=\"animated fadeInUp o-anim-custom-delay slow o-anim-value-delay-700ms has-calluna-font-family has-x-medium-font-size\" style=\"padding-top:0rem;padding-right:0rem;padding-bottom:0.63rem;padding-left:0rem\">71 000 autocollants pour voitures<\/li>\n\n\n\n<li class=\"animated fadeInUp o-anim-custom-delay slow o-anim-value-delay-800ms has-calluna-font-family has-x-medium-font-size\" style=\"padding-top:0rem;padding-right:0rem;padding-bottom:0.63rem;padding-left:0rem\">20 tonnes de mat\u00e9riel (gros projecteurs et bobines de film ! Pas de DVD ni de mat\u00e9riel informatique \u00e0 cette \u00e9poque !)<\/li>\n\n\n\n<li class=\"animated fadeInUp o-anim-custom-delay slow o-anim-value-delay-900ms has-calluna-font-family has-x-medium-font-size\" style=\"padding-top:0rem;padding-right:0rem;padding-bottom:0rem;padding-left:0rem\"><strong>1 million de promesses sign\u00e9es de prier en famille !<\/strong><\/li>\n<\/ol>\n<\/div>\n<\/div>\n<\/div>\n\n\n\n<div class=\"wp-block-group is-layout-constrained wp-container-core-group-is-layout-81249118 wp-block-group-is-layout-constrained\" style=\"padding-top:0rem;padding-right:1.25rem;padding-bottom:0rem;padding-left:1.25rem\">\n<figure class=\"wp-block-image aligncenter size-full has-custom-border animated zoomIn slow\" style=\"margin-top:0px;margin-right:0px;margin-bottom:0px;margin-left:0px\"><img loading=\"lazy\" decoding=\"async\" width=\"1600\" height=\"828\" src=\"https:\/\/fatherpeyton.org\/fr\/wp-content\/uploads\/sites\/22\/2025\/08\/peytonbannerrosaryrally.webp\" alt=\"\" class=\"wp-image-309\" style=\"border-radius:1.25rem;object-fit:cover\" srcset=\"https:\/\/fatherpeyton.org\/fr\/wp-content\/uploads\/sites\/22\/2025\/08\/peytonbannerrosaryrally.webp 1600w, https:\/\/fatherpeyton.org\/fr\/wp-content\/uploads\/sites\/22\/2025\/08\/peytonbannerrosaryrally-300x155.webp 300w, https:\/\/fatherpeyton.org\/fr\/wp-content\/uploads\/sites\/22\/2025\/08\/peytonbannerrosaryrally-1024x530.webp 1024w, https:\/\/fatherpeyton.org\/fr\/wp-content\/uploads\/sites\/22\/2025\/08\/peytonbannerrosaryrally-768x397.webp 768w, https:\/\/fatherpeyton.org\/fr\/wp-content\/uploads\/sites\/22\/2025\/08\/peytonbannerrosaryrally-1536x795.webp 1536w\" sizes=\"auto, (max-width: 1600px) 100vw, 1600px\" \/><\/figure>\n<\/div>\n\n\n\n<div class=\"wp-block-group is-layout-constrained wp-container-core-group-is-layout-6ec2753e wp-block-group-is-layout-constrained\" style=\"margin-top:0px;margin-bottom:0px;padding-top:3.75rem;padding-right:1.25rem;padding-bottom:0rem;padding-left:1.25rem\">\n<p class=\"has-text-align-center animated fadeInUp slow has-calluna-font-family has-x-medium-font-size wp-block-paragraph\" style=\"padding-top:0rem;padding-right:0rem;padding-bottom:1rem;padding-left:0rem\">Toute la ville de Rio de Janeiro vibrait \u00e0 l&rsquo;id\u00e9e de cet \u00e9v\u00e9nement religieux. Ferveur, contentement et paix se lisaient sur tous les visages tandis que le p\u00e8re Peyton partageait son message populaire d&rsquo;amour et d&rsquo;unit\u00e9.<\/p>\n\n\n\n<h3 class=\"wp-block-heading has-text-align-center animated fadeInUp delay-100ms slow has-tertiary-color has-text-color has-link-color has-playlistscript-font-family has-x-large-font-size is-heading-wave-line is-wave-line-width-100 is-wave-line-primary is-wave-align-left wp-elements-16\" style=\"text-transform:capitalize\">La famille qui prie ensemble reste unie<\/h3>\n<\/div>\n","protected":false},"excerpt":{"rendered":"<p>\u00ab Un monde en pri\u00e8re est un monde en paix \u00bb Cette carte met en \u00e9vidence les pays o\u00f9 le p\u00e8re Peyton a organis\u00e9 des rassemblements de pri\u00e8re du Rosaire. Du premier rassemblement au Canada aux familles du monde entier En 1948, apr\u00e8s une rencontre providentielle avec des pr\u00eatres au Canada, le p\u00e8re Peyton fut [&hellip;]<\/p>\n","protected":false},"featured_media":0,"comment_status":"open","ping_status":"closed","template":"","meta":{"editor_notices":[]},"class_list":["post-293","chapter","type-chapter","status-publish","hentry"],"yoast_head":"<!-- This site is optimized with the Yoast SEO plugin v28.3 - https:\/\/yoast.com\/product\/yoast-seo-wordpress\/ -->\n<title>Chapitre 4 | P\u00e8re Patrick Peyton, le pr\u00eatre du Rosaire<\/title>\n<meta name=\"description\" content=\"Le p\u00e8re Patrick Peyton, C.S.C., a encourag\u00e9 des millions de personnes \u00e0 prier le chapelet en commun \u00e0 travers le monde lors de 260 rassemblements pour le chapelet, entre 1948 et 1985.\" \/>\n<meta name=\"robots\" content=\"index, follow, max-snippet:-1, max-image-preview:large, max-video-preview:-1\" \/>\n<link rel=\"canonical\" href=\"https:\/\/fatherpeyton.org\/fr\/chapters\/chapitre-4\/\" \/>\n<meta property=\"og:locale\" content=\"fr_FR\" \/>\n<meta property=\"og:type\" content=\"article\" \/>\n<meta property=\"og:title\" content=\"Chapitre 4 | P\u00e8re Patrick Peyton, le pr\u00eatre du Rosaire\" \/>\n<meta property=\"og:description\" content=\"Le p\u00e8re Patrick Peyton, C.S.C., a encourag\u00e9 des millions de personnes \u00e0 prier le chapelet en commun \u00e0 travers le monde lors de 260 rassemblements pour le chapelet, entre 1948 et 1985.\" \/>\n<meta property=\"og:url\" content=\"https:\/\/fatherpeyton.org\/fr\/chapters\/chapitre-4\/\" \/>\n<meta property=\"og:site_name\" content=\"Father Peyton-French\" \/>\n<meta property=\"article:modified_time\" content=\"2026-06-10T12:05:13+00:00\" \/>\n<meta property=\"og:image\" content=\"https:\/\/fatherpeyton.org\/fr\/wp-content\/uploads\/sites\/22\/2025\/08\/chapterbanner4rosaryrally.jpg\" \/>\n\t<meta property=\"og:image:width\" content=\"1476\" \/>\n\t<meta property=\"og:image:height\" content=\"619\" \/>\n\t<meta property=\"og:image:type\" content=\"image\/jpeg\" \/>\n<meta name=\"twitter:card\" content=\"summary_large_image\" \/>\n<meta name=\"twitter:label1\" content=\"Dur\u00e9e de lecture estim\u00e9e\" \/>\n\t<meta name=\"twitter:data1\" content=\"8 minutes\" \/>\n<script type=\"application\/ld+json\" class=\"yoast-schema-graph\">{\"@context\":\"https:\\\/\\\/schema.org\",\"@graph\":[{\"@type\":\"WebPage\",\"@id\":\"https:\\\/\\\/fatherpeyton.org\\\/fr\\\/chapters\\\/chapitre-4\\\/\",\"url\":\"https:\\\/\\\/fatherpeyton.org\\\/fr\\\/chapters\\\/chapitre-4\\\/\",\"name\":\"Chapitre 4 | P\u00e8re Patrick Peyton, le pr\u00eatre du Rosaire\",\"isPartOf\":{\"@id\":\"https:\\\/\\\/fatherpeyton.org\\\/fr\\\/#website\"},\"primaryImageOfPage\":{\"@id\":\"https:\\\/\\\/fatherpeyton.org\\\/fr\\\/chapters\\\/chapitre-4\\\/#primaryimage\"},\"image\":{\"@id\":\"https:\\\/\\\/fatherpeyton.org\\\/fr\\\/chapters\\\/chapitre-4\\\/#primaryimage\"},\"thumbnailUrl\":\"https:\\\/\\\/fatherpeyton.org\\\/fr\\\/wp-content\\\/uploads\\\/sites\\\/22\\\/2025\\\/08\\\/chapterbanner4rosaryrally-1024x429.jpg\",\"datePublished\":\"2025-08-05T12:53:29+00:00\",\"dateModified\":\"2026-06-10T12:05:13+00:00\",\"description\":\"Le p\u00e8re Patrick Peyton, C.S.C., a encourag\u00e9 des millions de personnes \u00e0 prier le chapelet en commun \u00e0 travers le monde lors de 260 rassemblements pour le chapelet, entre 1948 et 1985.\",\"breadcrumb\":{\"@id\":\"https:\\\/\\\/fatherpeyton.org\\\/fr\\\/chapters\\\/chapitre-4\\\/#breadcrumb\"},\"inLanguage\":\"fr-FR\",\"potentialAction\":[{\"@type\":\"ReadAction\",\"target\":[\"https:\\\/\\\/fatherpeyton.org\\\/fr\\\/chapters\\\/chapitre-4\\\/\"]}]},{\"@type\":\"ImageObject\",\"inLanguage\":\"fr-FR\",\"@id\":\"https:\\\/\\\/fatherpeyton.org\\\/fr\\\/chapters\\\/chapitre-4\\\/#primaryimage\",\"url\":\"https:\\\/\\\/fatherpeyton.org\\\/fr\\\/wp-content\\\/uploads\\\/sites\\\/22\\\/2025\\\/08\\\/chapterbanner4rosaryrally.jpg\",\"contentUrl\":\"https:\\\/\\\/fatherpeyton.org\\\/fr\\\/wp-content\\\/uploads\\\/sites\\\/22\\\/2025\\\/08\\\/chapterbanner4rosaryrally.jpg\",\"width\":1476,\"height\":619},{\"@type\":\"BreadcrumbList\",\"@id\":\"https:\\\/\\\/fatherpeyton.org\\\/fr\\\/chapters\\\/chapitre-4\\\/#breadcrumb\",\"itemListElement\":[{\"@type\":\"ListItem\",\"position\":1,\"name\":\"Home\",\"item\":\"https:\\\/\\\/fatherpeyton.org\\\/fr\\\/\"},{\"@type\":\"ListItem\",\"position\":2,\"name\":\"Chapters\",\"item\":\"https:\\\/\\\/fatherpeyton.org\\\/fr\\\/chapters\\\/\"},{\"@type\":\"ListItem\",\"position\":3,\"name\":\"Chapitre 4\"}]},{\"@type\":\"WebSite\",\"@id\":\"https:\\\/\\\/fatherpeyton.org\\\/fr\\\/#website\",\"url\":\"https:\\\/\\\/fatherpeyton.org\\\/fr\\\/\",\"name\":\"Father Peyton-French\",\"description\":\"\",\"potentialAction\":[{\"@type\":\"SearchAction\",\"target\":{\"@type\":\"EntryPoint\",\"urlTemplate\":\"https:\\\/\\\/fatherpeyton.org\\\/fr\\\/?s={search_term_string}\"},\"query-input\":{\"@type\":\"PropertyValueSpecification\",\"valueRequired\":true,\"valueName\":\"search_term_string\"}}],\"inLanguage\":\"fr-FR\"}]}<\/script>\n<!-- \/ Yoast SEO plugin. -->","yoast_head_json":{"title":"Chapitre 4 | P\u00e8re Patrick Peyton, le pr\u00eatre du Rosaire","description":"Le p\u00e8re Patrick Peyton, C.S.C., a encourag\u00e9 des millions de personnes \u00e0 prier le chapelet en commun \u00e0 travers le monde lors de 260 rassemblements pour le chapelet, entre 1948 et 1985.","robots":{"index":"index","follow":"follow","max-snippet":"max-snippet:-1","max-image-preview":"max-image-preview:large","max-video-preview":"max-video-preview:-1"},"canonical":"https:\/\/fatherpeyton.org\/fr\/chapters\/chapitre-4\/","og_locale":"fr_FR","og_type":"article","og_title":"Chapitre 4 | P\u00e8re Patrick Peyton, le pr\u00eatre du Rosaire","og_description":"Le p\u00e8re Patrick Peyton, C.S.C., a encourag\u00e9 des millions de personnes \u00e0 prier le chapelet en commun \u00e0 travers le monde lors de 260 rassemblements pour le chapelet, entre 1948 et 1985.","og_url":"https:\/\/fatherpeyton.org\/fr\/chapters\/chapitre-4\/","og_site_name":"Father Peyton-French","article_modified_time":"2026-06-10T12:05:13+00:00","og_image":[{"width":1476,"height":619,"url":"https:\/\/fatherpeyton.org\/fr\/wp-content\/uploads\/sites\/22\/2025\/08\/chapterbanner4rosaryrally.jpg","type":"image\/jpeg"}],"twitter_card":"summary_large_image","twitter_misc":{"Dur\u00e9e de lecture estim\u00e9e":"8 minutes"},"schema":{"@context":"https:\/\/schema.org","@graph":[{"@type":"WebPage","@id":"https:\/\/fatherpeyton.org\/fr\/chapters\/chapitre-4\/","url":"https:\/\/fatherpeyton.org\/fr\/chapters\/chapitre-4\/","name":"Chapitre 4 | P\u00e8re Patrick Peyton, le pr\u00eatre du Rosaire","isPartOf":{"@id":"https:\/\/fatherpeyton.org\/fr\/#website"},"primaryImageOfPage":{"@id":"https:\/\/fatherpeyton.org\/fr\/chapters\/chapitre-4\/#primaryimage"},"image":{"@id":"https:\/\/fatherpeyton.org\/fr\/chapters\/chapitre-4\/#primaryimage"},"thumbnailUrl":"https:\/\/fatherpeyton.org\/fr\/wp-content\/uploads\/sites\/22\/2025\/08\/chapterbanner4rosaryrally-1024x429.jpg","datePublished":"2025-08-05T12:53:29+00:00","dateModified":"2026-06-10T12:05:13+00:00","description":"Le p\u00e8re Patrick Peyton, C.S.C., a encourag\u00e9 des millions de personnes \u00e0 prier le chapelet en commun \u00e0 travers le monde lors de 260 rassemblements pour le chapelet, entre 1948 et 1985.","breadcrumb":{"@id":"https:\/\/fatherpeyton.org\/fr\/chapters\/chapitre-4\/#breadcrumb"},"inLanguage":"fr-FR","potentialAction":[{"@type":"ReadAction","target":["https:\/\/fatherpeyton.org\/fr\/chapters\/chapitre-4\/"]}]},{"@type":"ImageObject","inLanguage":"fr-FR","@id":"https:\/\/fatherpeyton.org\/fr\/chapters\/chapitre-4\/#primaryimage","url":"https:\/\/fatherpeyton.org\/fr\/wp-content\/uploads\/sites\/22\/2025\/08\/chapterbanner4rosaryrally.jpg","contentUrl":"https:\/\/fatherpeyton.org\/fr\/wp-content\/uploads\/sites\/22\/2025\/08\/chapterbanner4rosaryrally.jpg","width":1476,"height":619},{"@type":"BreadcrumbList","@id":"https:\/\/fatherpeyton.org\/fr\/chapters\/chapitre-4\/#breadcrumb","itemListElement":[{"@type":"ListItem","position":1,"name":"Home","item":"https:\/\/fatherpeyton.org\/fr\/"},{"@type":"ListItem","position":2,"name":"Chapters","item":"https:\/\/fatherpeyton.org\/fr\/chapters\/"},{"@type":"ListItem","position":3,"name":"Chapitre 4"}]},{"@type":"WebSite","@id":"https:\/\/fatherpeyton.org\/fr\/#website","url":"https:\/\/fatherpeyton.org\/fr\/","name":"Father Peyton-French","description":"","potentialAction":[{"@type":"SearchAction","target":{"@type":"EntryPoint","urlTemplate":"https:\/\/fatherpeyton.org\/fr\/?s={search_term_string}"},"query-input":{"@type":"PropertyValueSpecification","valueRequired":true,"valueName":"search_term_string"}}],"inLanguage":"fr-FR"}]}},"_links":{"self":[{"href":"https:\/\/fatherpeyton.org\/fr\/wp-json\/wp\/v2\/chapters\/293","targetHints":{"allow":["GET"]}}],"collection":[{"href":"https:\/\/fatherpeyton.org\/fr\/wp-json\/wp\/v2\/chapters"}],"about":[{"href":"https:\/\/fatherpeyton.org\/fr\/wp-json\/wp\/v2\/types\/chapter"}],"replies":[{"embeddable":true,"href":"https:\/\/fatherpeyton.org\/fr\/wp-json\/wp\/v2\/comments?post=293"}],"wp:attachment":[{"href":"https:\/\/fatherpeyton.org\/fr\/wp-json\/wp\/v2\/media?parent=293"}],"curies":[{"name":"wp","href":"https:\/\/api.w.org\/{rel}","templated":true}]}}