{"id":251,"date":"2025-08-04T09:24:38","date_gmt":"2025-08-04T09:24:38","guid":{"rendered":"https:\/\/hcfm-multisite-staging.mystagingwebsite.com\/fatherpeyton\/?post_type=chapter&#038;p=251"},"modified":"2026-07-13T08:04:48","modified_gmt":"2026-07-13T08:04:48","slug":"capitulo-1","status":"publish","type":"chapter","link":"https:\/\/fatherpeyton.org\/es\/chapters\/capitulo-1\/","title":{"rendered":"Cap\u00edtulo 1"},"content":{"rendered":"\n<div class=\"wp-block-group alignfull is-layout-constrained wp-container-core-group-is-layout-94705b95 wp-block-group-is-layout-constrained\" style=\"margin-top:0px;margin-bottom:0px;padding-top:0rem;padding-right:1.25rem;padding-bottom:0rem;padding-left:1.25rem\"><style>@media(max-width:1024px){.cbmi-b3b22acd{min-height:55vh !important;}.cbmi-b3b22acd.is-fit-object .wp-block-cover__image-background{object-fit:contain;object-position: 50% 100% !important;}}@media(max-width:767px){.cbmi-b3b22acd{min-height:55vh !important;}.cbmi-b3b22acd.is-fit-object .wp-block-cover__image-background{object-fit:contain;object-position: 50% 100% !important;}}<\/style>\n<div class=\"wp-block-cover alignfull has-base-color has-text-color has-link-color wp-elements-1 cbmi-b3b22acd\" style=\"min-height:90vh;aspect-ratio:unset;\"><img loading=\"lazy\" decoding=\"async\" width=\"1024\" height=\"458\" class=\"wp-block-cover__image-background wp-image-231 size-large\" alt=\"\" src=\"https:\/\/fatherpeyton.org\/es\/wp-content\/uploads\/sites\/20\/2025\/08\/peytonfamilychapter1banner-1024x458.webp\" data-object-fit=\"cover\"\/ data-desktop=\"https:\/\/fatherpeyton.org\/es\/wp-content\/uploads\/sites\/20\/2025\/08\/peytonfamilychapter1banner-1024x458.webp\" srcset=\"https:\/\/fatherpeyton.org\/es\/wp-content\/uploads\/sites\/20\/2025\/08\/peytonfamilychapter1banner-1024x458.webp 1024w, https:\/\/fatherpeyton.org\/es\/wp-content\/uploads\/sites\/20\/2025\/08\/peytonfamilychapter1banner-300x134.webp 300w, https:\/\/fatherpeyton.org\/es\/wp-content\/uploads\/sites\/20\/2025\/08\/peytonfamilychapter1banner-768x344.webp 768w, https:\/\/fatherpeyton.org\/es\/wp-content\/uploads\/sites\/20\/2025\/08\/peytonfamilychapter1banner-1536x688.webp 1536w, https:\/\/fatherpeyton.org\/es\/wp-content\/uploads\/sites\/20\/2025\/08\/peytonfamilychapter1banner.webp 1575w\" sizes=\"auto, (max-width: 1024px) 100vw, 1024px\" \/><span aria-hidden=\"true\" class=\"wp-block-cover__background has-background-dim\" style=\"background-color:#816e5f\"><\/span><div class=\"wp-block-cover__inner-container is-layout-constrained wp-block-cover-is-layout-constrained\">\n<p class=\"has-text-align-center animated slideInUp slow has-calluna-font-family has-x-small-font-size wp-block-paragraph\" style=\"letter-spacing:3px;text-transform:uppercase\">Cap\u00edtulo 1<\/p>\n\n\n\n<h1 class=\"wp-block-heading has-text-align-center animated slideInUp slow delay-100ms has-calluna-font-family is-heading-wave-line is-wave-line-width-100 is-wave-line-primary is-wave-align-left\" style=\"padding-top:1rem;padding-right:0rem;padding-bottom:1rem;padding-left:0rem;letter-spacing:3px;text-transform:capitalize\">Los primeros a\u00f1os<\/h1>\n\n\n\n<h4 class=\"wp-block-heading has-text-align-center animated slideInUp delay-200ms slow has-calluna-font-family is-heading-wave-line is-wave-line-width-100 is-wave-line-primary is-wave-align-left\" style=\"font-style:normal;font-weight:400;text-transform:capitalize\">La vida en Irlanda<\/h4>\n<\/div><\/div>\n<\/div>\n\n\n\n<div class=\"wp-block-group alignfull is-layout-constrained wp-container-core-group-is-layout-2385ee6b wp-block-group-is-layout-constrained\" style=\"margin-top:0rem;margin-bottom:0rem;padding-top:4rem;padding-right:1.25rem;padding-bottom:4rem;padding-left:1.25rem\">\n<div class=\"wp-block-columns are-vertically-aligned-top columns-layout columns-reverse title-rearrange-on-mobile is-layout-flex wp-container-core-columns-is-layout-6f9e0450 wp-block-columns-is-layout-flex\" style=\"margin-top:0px;margin-bottom:0px;padding-top:0px;padding-right:0px;padding-bottom:0px;padding-left:0px\">\n<div class=\"wp-block-column is-vertically-aligned-top text-column is-layout-flow wp-block-column-is-layout-flow\">\n<h2 class=\"wp-block-heading animated fadeInUp slow has-tertiary-color has-text-color has-link-color has-playlistscript-font-family has-xx-large-font-size is-heading-wave-line is-wave-line-width-100 is-wave-line-primary is-wave-align-left wp-elements-2\" style=\"padding-top:0rem;padding-right:0rem;padding-bottom:1rem;padding-left:0rem;text-transform:capitalize\">Ra\u00edces familiares<\/h2>\n\n\n\n<p class=\"animated fadeInUp delay-100ms slow text-justify has-calluna-font-family has-x-medium-font-size wp-block-paragraph\" style=\"padding-top:0rem;padding-right:0rem;padding-bottom:1rem;padding-left:0rem\">En el condado de Mayo, Irlanda, el granjero John Peyton se cas\u00f3 con Mary Gillard en 1899. Patrick Peyton naci\u00f3 el 9 de enero de 1909 y fue el sexto de nueve hijos.<\/p>\n\n\n\n<p class=\"animated fadeInUp delay-200ms slow text-justify has-calluna-font-family has-x-medium-font-size wp-block-paragraph\" style=\"padding-top:0rem;padding-right:0rem;padding-bottom:1rem;padding-left:0rem\">El padre de Patrick ten\u00eda unos 42 a\u00f1os cuando naci\u00f3 Patrick y ya padec\u00eda de mala salud.<\/p>\n\n\n\n<p class=\"animated fadeInUp o-anim-custom-delay slow o-anim-value-delay-300ms text-justify has-calluna-font-family has-x-medium-font-size wp-block-paragraph\" style=\"padding-top:0rem;padding-right:0rem;padding-bottom:1rem;padding-left:0rem\">Patrick fue bautizado el 10 de enero de 1909.<\/p>\n\n\n\n<p class=\"animated fadeInUp o-anim-custom-delay slow o-anim-value-delay-400ms text-justify has-calluna-font-family has-x-medium-font-size wp-block-paragraph\" style=\"padding-top:0rem;padding-right:0rem;padding-bottom:0rem;padding-left:0rem\">La familia creci\u00f3 trabajando en una granja y rezando el Rosario cada noche.<\/p>\n<\/div>\n\n\n\n<div class=\"wp-block-column is-vertically-aligned-top columns-layout__left-col is-layout-flow wp-block-column-is-layout-flow\">\n<figure class=\"wp-block-image alignright size-full is-resized has-custom-border animated zoomIn slow\" style=\"margin-top:0rem;margin-right:0rem;margin-bottom:0rem;margin-left:0rem\"><img loading=\"lazy\" decoding=\"async\" width=\"442\" height=\"321\" src=\"https:\/\/fatherpeyton.org\/es\/wp-content\/uploads\/sites\/20\/2025\/08\/Peyton_Parents.webp\" alt=\"\" class=\"wp-image-252\" style=\"border-radius:1.25rem;width:702px\" srcset=\"https:\/\/fatherpeyton.org\/es\/wp-content\/uploads\/sites\/20\/2025\/08\/Peyton_Parents.webp 442w, https:\/\/fatherpeyton.org\/es\/wp-content\/uploads\/sites\/20\/2025\/08\/Peyton_Parents-300x218.webp 300w\" sizes=\"auto, (max-width: 442px) 100vw, 442px\" \/><figcaption class=\"wp-element-caption\"><em><mark style=\"background-color:#FFFFFF\" class=\"has-inline-color has-contrast-color\">La madre y el padre de Patrick, Mary y John Peyton.<br><\/mark><\/em><\/figcaption><\/figure>\n<\/div>\n<\/div>\n<\/div>\n\n\n\n<div class=\"wp-block-group is-layout-constrained wp-container-core-group-is-layout-80aec131 wp-block-group-is-layout-constrained\" style=\"margin-top:0px;margin-bottom:0px;padding-top:0rem;padding-right:1.25rem;padding-bottom:3.75rem;padding-left:1.25rem\">\n<figure class=\"wp-block-image aligncenter size-full animated zoomIn slow\" style=\"margin-top:0px;margin-right:0px;margin-bottom:0px;margin-left:0px\"><img loading=\"lazy\" decoding=\"async\" width=\"827\" height=\"556\" src=\"https:\/\/fatherpeyton.org\/es\/wp-content\/uploads\/sites\/20\/2025\/08\/birth-certificate.webp\" alt=\"\" class=\"wp-image-254\" srcset=\"https:\/\/fatherpeyton.org\/es\/wp-content\/uploads\/sites\/20\/2025\/08\/birth-certificate.webp 827w, https:\/\/fatherpeyton.org\/es\/wp-content\/uploads\/sites\/20\/2025\/08\/birth-certificate-300x202.webp 300w, https:\/\/fatherpeyton.org\/es\/wp-content\/uploads\/sites\/20\/2025\/08\/birth-certificate-768x516.webp 768w\" sizes=\"auto, (max-width: 827px) 100vw, 827px\" \/><figcaption class=\"wp-element-caption\"><em><mark style=\"background-color:#FFFFFF\" class=\"has-inline-color has-contrast-color\">El certificado de nacimiento y bautismo de padre Peyton.<br><\/mark><\/em><\/figcaption><\/figure>\n<\/div>\n\n\n\n<div class=\"wp-block-group animated fadeInUp slow has-orange-to-light-orange-gradient-background has-background has-calluna-font-family is-layout-constrained wp-container-core-group-is-layout-b6205625 wp-block-group-is-layout-constrained\" style=\"margin-top:0px;margin-bottom:0px;padding-top:3.75rem;padding-right:1.25rem;padding-bottom:3.75rem;padding-left:1.25rem\">\n<h2 class=\"wp-block-heading has-text-align-center has-contrast-color has-text-color has-link-color has-playlistscript-font-family has-xx-large-font-size is-heading-wave-line is-wave-line-width-100 is-wave-line-primary is-wave-align-left wp-elements-3\" style=\"padding-top:0rem;padding-right:0rem;padding-bottom:1.88rem;padding-left:0rem;text-transform:capitalize\">Escuelas<\/h2>\n\n\n<div class=\"wp-block-hcfm-tabs\">\n    <div class=\"tabs tabs-horizontal\">\n        <div class=\"tabs-links\">\n                                <button class=\"tabs-links--item active\" data-index=\"0\">1914<\/button>\n                                        <button class=\"tabs-links--item \" data-index=\"1\">1917<\/button>\n                                        <button class=\"tabs-links--item \" data-index=\"2\">1923<\/button>\n                                        <button class=\"tabs-links--item \" data-index=\"3\">1928<\/button>\n                                        <button class=\"tabs-links--item \" data-index=\"4\">1929<\/button>\n                            <\/div>\n        <div class=\"tabs-content\">\n                                <div class=\"tabs-content--item tab-content--item-index-0 active\">\n<h4 class=\"wp-block-heading has-calluna-font-family has-x-medium-font-size is-heading-wave-line is-wave-line-width-100 is-wave-line-primary is-wave-align-left\" style=\"margin-top:0px;margin-right:0px;margin-bottom:0px;margin-left:0px;padding-top:0rem;padding-right:0rem;padding-bottom:1rem;padding-left:0rem;text-transform:capitalize\">Escuela Bofield<\/h4>\n\n\n\n<p class=\"has-calluna-font-family has-x-medium-font-size wp-block-paragraph\" style=\"margin-top:0px;margin-right:0px;margin-bottom:0px;margin-left:0px;padding-top:0px;padding-right:0px;padding-bottom:0px;padding-left:0px\">En mayo, a los 5 a\u00f1os, Patrick comenz\u00f3 la escuela.<\/p>\n<\/div>\n                                        <div class=\"tabs-content--item tab-content--item-index-1 \">\n<h4 class=\"wp-block-heading has-calluna-font-family has-x-medium-font-size is-heading-wave-line is-wave-line-width-100 is-wave-line-primary is-wave-align-left\" style=\"margin-top:0px;margin-right:0px;margin-bottom:0px;margin-left:0px;padding-top:0rem;padding-right:0rem;padding-bottom:1rem;padding-left:0rem;text-transform:capitalize\">Escuela en Bonniconlon<\/h4>\n\n\n\n<p class=\"has-calluna-font-family has-x-medium-font-size wp-block-paragraph\" style=\"margin-top:0px;margin-right:0px;margin-bottom:0px;margin-left:0px;padding-top:0px;padding-right:0px;padding-bottom:0px;padding-left:0px\">Patrick viv\u00eda con sus abuelos (Robert y Kitty Gillard) a los 8 a\u00f1os cuando asist\u00eda a la escuela cerca de su casa.<\/p>\n<\/div>\n                                        <div class=\"tabs-content--item tab-content--item-index-2 \">\n<h4 class=\"wp-block-heading has-calluna-font-family has-x-medium-font-size is-heading-wave-line is-wave-line-width-100 is-wave-line-primary is-wave-align-left\" style=\"margin-top:0px;margin-right:0px;margin-bottom:0px;margin-left:0px;padding-top:0rem;padding-right:0rem;padding-bottom:1rem;padding-left:0rem;text-transform:capitalize\">Escuela Bofield<\/h4>\n\n\n\n<p class=\"has-calluna-font-family has-x-medium-font-size wp-block-paragraph\" style=\"margin-top:0px;margin-right:0px;margin-bottom:0px;margin-left:0px;padding-top:0px;padding-right:0px;padding-bottom:0px;padding-left:0px\">Antes de cumplir los 15 a\u00f1os, Patrick dej\u00f3 esta escuela debido a un incidente con el director Tadhg O\u2019Leary y fue inscrito en la escuela de Currower. En 1924, a la edad de 15 a\u00f1os, Patrick dej\u00f3 la escuela y volvi\u00f3 a trabajar en la granja familiar.<\/p>\n<\/div>\n                                        <div class=\"tabs-content--item tab-content--item-index-3 \">\n<h4 class=\"wp-block-heading has-calluna-font-family has-x-medium-font-size is-heading-wave-line is-wave-line-width-100 is-wave-line-primary is-wave-align-left\" style=\"margin-top:0px;margin-right:0px;margin-bottom:0px;margin-left:0px;padding-top:0rem;padding-right:0rem;padding-bottom:1rem;padding-left:0rem;text-transform:capitalize\">St. Thomas High School<\/h4>\n\n\n\n<p class=\"has-calluna-font-family has-x-medium-font-size wp-block-paragraph\" style=\"margin-top:0px;margin-right:0px;margin-bottom:0px;margin-left:0px;padding-top:0px;padding-right:0px;padding-bottom:0px;padding-left:0px\">A los 19 a\u00f1os, Patrick comenz\u00f3 su primer a\u00f1o de preparatoria en Estados Unidos en la St. Thomas High School, en Scranton, PA.<\/p>\n<\/div>\n                                        <div class=\"tabs-content--item tab-content--item-index-4 \">\n<h4 class=\"wp-block-heading has-calluna-font-family has-x-medium-font-size is-heading-wave-line is-wave-line-width-100 is-wave-line-primary is-wave-align-left\" style=\"margin-top:0px;margin-right:0px;margin-bottom:0px;margin-left:0px;padding-top:0rem;padding-right:0rem;padding-bottom:1rem;padding-left:0rem;text-transform:capitalize\">Universidad de Notre Dame<\/h4>\n\n\n\n<p class=\"has-calluna-font-family has-x-medium-font-size wp-block-paragraph\" style=\"margin-top:0px;margin-right:0px;margin-bottom:0px;margin-left:0px;padding-top:0px;padding-right:0px;padding-bottom:0px;padding-left:0px\">A los 20 a\u00f1os, Patrick y su hermano Tom comenzaron su segundo a\u00f1o de preparatoria en el Seminario Menor de Santa Cruz, bajo la sombra de la Universidad de Notre Dame, en Indiana.<\/p>\n<\/div>\n                            <\/div>\n    <\/div>\n<\/div><\/div>\n\n\n\n<div class=\"wp-block-group alignfull has-contrast-background-color has-background is-layout-constrained wp-container-core-group-is-layout-dc6b3205 wp-block-group-is-layout-constrained\" style=\"padding-top:3.75rem;padding-right:1.25rem;padding-bottom:3.75rem;padding-left:1.25rem\"><figure class=\"wp-block-image alignfull video-bg-wrapper max-h-[-webkit-fill-available] video-play-in-background youtube-bg is-playing\">\n            <div class=\"iframe-loader\"><\/div>\n            <iframe\n                id=\"yt-bg-55e02a7c-f60f-4557-9571-668f97bf2e58\"\n                class=\"video-bg js-youtube-bg max-h-[-webkit-fill-available]\"\n                src=\"https:\/\/www.youtube.com\/embed\/Ze1Fob8SXYk?autoplay=1&#038;mute=1&#038;loop=1&#038;playlist=Ze1Fob8SXYk&#038;controls=0&#038;fs=0&#038;disablekb=1&#038;modestbranding=1&#038;rel=0&#038;playsinline=1&#038;enablejsapi=1\"\n                title=\"Background video\"\n                loading=\"lazy\"\n                referrerpolicy=\"strict-origin-when-cross-origin\"\n                frameborder=\"0\"\n                allow=\"autoplay; encrypted-media; picture-in-picture; fullscreen\"\n            ><\/iframe>\n            <img decoding=\"async\" src=\"https:\/\/fatherpeyton.org\/es\/wp-content\/uploads\/sites\/20\/2025\/08\/maxresdefault-1.png\" class=\"video-bg-fallback max-h-[-webkit-fill-available]\" alt=\"\" \/>\n            <div class=\"video-controls\">\n                <button class=\"video-toggle-play\" aria-label=\"Play or pause video\">\n                    <svg class=\"icon icon-play\" viewBox=\"0 0 24 24\">\n                        <polygon points=\"5,3 19,12 5,21\"\/>\n                    <\/svg>\n                    <svg class=\"icon icon-pause\" viewBox=\"0 0 24 24\">\n                        <rect x=\"6\" y=\"4\" width=\"4\" height=\"16\"\/>\n                        <rect x=\"14\" y=\"4\" width=\"4\" height=\"16\"\/>\n                    <\/svg>\n                <\/button>\n                <button class=\"video-toggle-sound\" aria-label=\"Mute or unmute video\">\n                    <svg class=\"icon icon-muted\" viewBox=\"0 0 24 24\">\n                        <path d=\"M3 9v6h4l5 4V5L7 9H3z\"\/>\n                        <line x1=\"16\" y1=\"8\" x2=\"22\" y2=\"16\"\/>\n                        <line x1=\"22\" y1=\"8\" x2=\"16\" y2=\"16\"\/>\n                    <\/svg>\n                    <svg class=\"icon icon-sound\" viewBox=\"0 0 24 24\">\n                        <path d=\"M3 9v6h4l5 4V5L7 9H3z\"\/>\n                        <path d=\"M14 9.5a4 4 0 010 5\"\/>\n                        <path d=\"M16.5 7a7 7 0 010 10\"\/>\n                    <\/svg>\n                <\/button>\n            <\/div>\n        <\/figure><\/div>\n\n\n\n<div class=\"wp-block-group is-layout-constrained wp-container-core-group-is-layout-5e97853e wp-block-group-is-layout-constrained\" style=\"padding-top:3.75rem;padding-right:1.25rem;padding-bottom:3.75rem;padding-left:1.25rem\">\n<div class=\"wp-block-columns is-layout-flex wp-container-core-columns-is-layout-b2e659ba wp-block-columns-is-layout-flex\">\n<div class=\"wp-block-column is-layout-flow wp-block-column-is-layout-flow\">\n<h2 class=\"wp-block-heading has-text-align-center animated fadeInUp slow has-tertiary-color has-text-color has-link-color has-whitney-font-family has-xx-large-font-size is-heading-wave-line is-wave-line-width-100 is-wave-line-primary is-wave-align-left wp-elements-4\" style=\"padding-top:0rem;padding-right:0rem;padding-bottom:1rem;padding-left:0rem;text-transform:capitalize\">Un <code>\"Esp\u00edritu de Fe\"<\/code> Influye en Patrick desde joven<\/h2>\n\n\n\n<p class=\"has-text-align-center animated fadeInUp delay-100ms slow has-calluna-font-family has-x-medium-font-size wp-block-paragraph\" style=\"padding-top:0rem;padding-right:0rem;padding-bottom:1rem;padding-left:0rem\">El Rosario hace presente a Mar\u00eda, Nuestra Se\u00f1ora, la Madre de Dios<\/p>\n\n\n\n<p class=\"has-text-align-center animated fadeInUp delay-200ms slow has-calluna-font-family has-x-medium-font-size wp-block-paragraph\" style=\"padding-top:0rem;padding-right:0rem;padding-bottom:1rem;padding-left:0rem\"><strong>John Peyton<\/strong> \u2013 La cualidad que m\u00e1s distingu\u00eda al padre de Patrick era su <strong>\u201cesp\u00edritu de fe\u201d<\/strong>, y viv\u00eda esa fe cada noche al arrodillarse y dirigir a la familia en el rezo del Rosario.<\/p>\n\n\n\n<p class=\"has-text-align-center animated fadeInUp slow o-anim-custom-delay o-anim-value-delay-300ms has-calluna-font-family has-x-medium-font-size wp-block-paragraph\" style=\"padding-top:0rem;padding-right:0rem;padding-bottom:1rem;padding-left:0rem\"><strong>Robert y Kitty Gillard<\/strong> &#8211; Patrick vivi\u00f3 con sus abuelos en dos ocasiones antes de cumplir los 9 a\u00f1os. Una vez m\u00e1s, Patrick experiment\u00f3 el <strong>\u201cesp\u00edritu de fe\u201d<\/strong> al arrodillarse en familia para rezar el Rosario por la noche.<\/p>\n\n\n\n<p class=\"has-text-align-center animated fadeInUp o-anim-custom-delay o-anim-value-delay-400ms slow has-calluna-font-family has-x-medium-font-size wp-block-paragraph\" style=\"padding-top:0rem;padding-right:0rem;padding-bottom:1rem;padding-left:0rem\"><strong>Un agricultor de un pueblo cercano<\/strong> necesitaba ayuda para cosechar papas. Mientras se quedaba con ellos, Patrick se dio cuenta de que esa familia era diferente a la suya, ya que no hab\u00eda <strong>\u201cesp\u00edritu de fe\u201d<\/strong> ni Rosario en Familia. Patrick decidi\u00f3 compartir con ellos su amor por <strong>Mar\u00eda y el Rosario en Familia<\/strong>, y comenzaron a rezar el <strong>Rosario por la noche<\/strong>.<\/p>\n\n\n\n<p class=\"has-text-align-center animated fadeInUp o-anim-custom-delay slow o-anim-value-delay-500ms has-calluna-font-family has-x-medium-font-size wp-block-paragraph\" style=\"padding-top:0rem;padding-right:0rem;padding-bottom:0rem;padding-left:0rem\">John Barrett &#8211; A los 9 a\u00f1os, uno de los amigos de Patrick, John Barrett, hizo los arreglos para que sirviera en la Misa. Este fue un gran honor en su parroquia, y el <em><strong>deseo de Patrick de convertirse en sacerdote<\/strong><\/em> comenz\u00f3 a tomar forma.<\/p>\n<\/div>\n<\/div>\n<\/div>\n\n\n\n<div class=\"wp-block-group alignfull is-layout-constrained wp-container-core-group-is-layout-46de4439 wp-block-group-is-layout-constrained\" style=\"margin-top:0rem;margin-bottom:0rem;padding-top:0rem;padding-right:1.25rem;padding-bottom:0rem;padding-left:1.25rem\">\n<div class=\"wp-block-columns are-vertically-aligned-top columns-layout title-rearrange-on-mobile is-layout-flex wp-container-core-columns-is-layout-6f9e0450 wp-block-columns-is-layout-flex\" style=\"margin-top:0px;margin-bottom:0px;padding-top:0px;padding-right:0px;padding-bottom:0px;padding-left:0px\">\n<div class=\"wp-block-column is-vertically-aligned-top columns-layout__left-col is-layout-flow wp-block-column-is-layout-flow\">\n<figure class=\"wp-block-image size-full is-resized has-custom-border animated zoomIn slow\" style=\"margin-top:0rem;margin-right:0rem;margin-bottom:0rem;margin-left:0rem\"><img loading=\"lazy\" decoding=\"async\" width=\"447\" height=\"654\" src=\"https:\/\/fatherpeyton.org\/es\/wp-content\/uploads\/sites\/20\/2025\/08\/b-Pat-and-Tom-Peyton.jpg-1.jpeg\" alt=\"\" class=\"wp-image-257\" style=\"border-radius:1.25rem;width:702px\" srcset=\"https:\/\/fatherpeyton.org\/es\/wp-content\/uploads\/sites\/20\/2025\/08\/b-Pat-and-Tom-Peyton.jpg-1.jpeg 447w, https:\/\/fatherpeyton.org\/es\/wp-content\/uploads\/sites\/20\/2025\/08\/b-Pat-and-Tom-Peyton.jpg-1-205x300.jpeg 205w\" sizes=\"auto, (max-width: 447px) 100vw, 447px\" \/><figcaption class=\"wp-element-caption\"><em><mark style=\"background-color:#FFFFFF\" class=\"has-inline-color has-contrast-color\"><em><mark style=\"background-color:#FFFFFF\" class=\"has-inline-color has-contrast-color\">Pat, a la izquierda, y su hermano Tom, a la derecha, caminando por un camino rural.<\/mark><\/em><\/mark><\/em><\/figcaption><\/figure>\n<\/div>\n\n\n\n<div class=\"wp-block-column is-vertically-aligned-top text-column is-layout-flow wp-block-column-is-layout-flow\">\n<h2 class=\"wp-block-heading animated fadeInUp slow has-tertiary-color has-text-color has-link-color has-whitney-font-family has-xx-large-font-size is-heading-wave-line is-wave-line-width-100 is-wave-line-primary is-wave-align-left wp-elements-5\" style=\"padding-top:0rem;padding-right:0rem;padding-bottom:1rem;padding-left:0rem;text-transform:capitalize\"><code>Misiones Parroquiales<\/code> y Solicitudes a los Seminarios<\/h2>\n\n\n\n<p class=\"animated fadeInUp slow delay-100ms has-contrast-color has-text-color has-link-color has-calluna-font-family has-x-medium-font-size wp-elements-6 wp-block-paragraph\" style=\"padding-top:0rem;padding-right:0rem;padding-bottom:1rem;padding-left:0rem\">Desde los 9 hasta los 17 a\u00f1os, el deseo de Patrick de convertirse en sacerdote creci\u00f3 con cada retiro y cada charla impartida en la parroquia de San Jos\u00e9, en Attymass. Sin embargo, sus solicitudes para ingresar al seminario fueron rechazadas y comenz\u00f3 a orientar su vida hacia otra carrera.<\/p>\n\n\n\n<ul class=\"wp-block-list has-calluna-font-family has-x-medium-font-size\">\n<li class=\"animated fadeInUp delay-200ms slow has-contrast-color has-text-color has-link-color has-calluna-font-family wp-elements-7\" style=\"padding-top:0rem;padding-right:0rem;padding-bottom:1rem;padding-left:0rem\">Redentoristas (Italia)\u2013 Estos sacerdotes fueron los primeros en sugerirle a Patrick que considerara el sacerdocio.<\/li>\n\n\n\n<li class=\"animated fadeInUp o-anim-custom-delay o-anim-value-delay-300ms slow has-contrast-color has-text-color has-link-color has-calluna-font-family wp-elements-8\" style=\"padding-top:0rem;padding-right:0rem;padding-bottom:1rem;padding-left:0rem\">Capuchinos (Italia) \u2013 Patrick cre\u00eda que esa era la comunidad para \u00e9l, as\u00ed que les escribi\u00f3 una carta. Nunca recibi\u00f3 respuesta y se sinti\u00f3 rechazado.<\/li>\n\n\n\n<li class=\"animated fadeInUp o-anim-custom-delay o-anim-value-delay-400ms slow has-contrast-color has-text-color has-link-color has-calluna-font-family wp-elements-9\" style=\"padding-top:0rem;padding-right:0rem;padding-bottom:1rem;padding-left:0rem\">Sociedad de Misioneros Africanos (\u00c1frica) \u2013 Su p\u00e1rroco pens\u00f3 que tal vez Patrick podr\u00eda obtener una beca para ingresar, pero fue rechazado una vez m\u00e1s: \u201cLo sentimos\u2026 pero Patrick no cumple con los est\u00e1ndares requeridos en matem\u00e1ticas\u201d.<br><\/li>\n<\/ul>\n\n\n\n<p class=\"animated fadeInUp o-anim-custom-delay slow o-anim-value-delay-500ms has-contrast-color has-text-color has-link-color has-calluna-font-family has-x-medium-font-size wp-elements-10 wp-block-paragraph\">Despu\u00e9s de estos rechazos, Patrick decidi\u00f3 dejar atr\u00e1s lo que parec\u00eda ser un sue\u00f1o imposible de convertirse en sacerdote y enfocarse en hacerse millonario en Estados Unidos.<\/p>\n<\/div>\n<\/div>\n<\/div>\n\n\n\n<p class=\"wp-block-paragraph\"><\/p>\n","protected":false},"excerpt":{"rendered":"<p>Ra\u00edces familiares En el condado de Mayo, Irlanda, el granjero John Peyton se cas\u00f3 con Mary Gillard en 1899. Patrick Peyton naci\u00f3 el 9 de enero de 1909 y fue el sexto de nueve hijos. El padre de Patrick ten\u00eda unos 42 a\u00f1os cuando naci\u00f3 Patrick y ya padec\u00eda de mala salud. Patrick fue bautizado [&hellip;]<\/p>\n","protected":false},"featured_media":0,"comment_status":"open","ping_status":"closed","template":"","meta":{"editor_notices":[]},"class_list":["post-251","chapter","type-chapter","status-publish","hentry"],"yoast_head":"<!-- This site is optimized with the Yoast SEO plugin v28.3 - https:\/\/yoast.com\/product\/yoast-seo-wordpress\/ -->\n<title>Cap\u00edtulo 1 | Padre Patrick Peyton, el sacerdote del Rosario<\/title>\n<meta name=\"description\" content=\"Patrick Peyton naci\u00f3 en Irlanda en 1909, en el seno de una familia cat\u00f3lica, numerosa y humilde, que rezaba el Rosario a diario. Conozca su historia y su camino hacia la posible santidad.\" \/>\n<meta name=\"robots\" content=\"index, follow, max-snippet:-1, max-image-preview:large, max-video-preview:-1\" \/>\n<link rel=\"canonical\" href=\"https:\/\/fatherpeyton.org\/es\/chapters\/capitulo-1\/\" \/>\n<meta property=\"og:locale\" content=\"es_MX\" \/>\n<meta property=\"og:type\" content=\"article\" \/>\n<meta property=\"og:title\" content=\"Cap\u00edtulo 1 | Padre Patrick Peyton, el sacerdote del Rosario\" \/>\n<meta property=\"og:description\" content=\"Patrick Peyton naci\u00f3 en Irlanda en 1909, en el seno de una familia cat\u00f3lica, numerosa y humilde, que rezaba el Rosario a diario. Conozca su historia y su camino hacia la posible santidad.\" \/>\n<meta property=\"og:url\" content=\"https:\/\/fatherpeyton.org\/es\/chapters\/capitulo-1\/\" \/>\n<meta property=\"og:site_name\" content=\"Father Peyton-Spanish\" \/>\n<meta property=\"article:modified_time\" content=\"2026-07-13T08:04:48+00:00\" \/>\n<meta property=\"og:image\" content=\"https:\/\/fatherpeyton.org\/es\/wp-content\/uploads\/sites\/20\/2025\/08\/peytonfamilychapter1banner.webp\" \/>\n\t<meta property=\"og:image:width\" content=\"1575\" \/>\n\t<meta property=\"og:image:height\" content=\"705\" \/>\n\t<meta property=\"og:image:type\" content=\"image\/webp\" \/>\n<meta name=\"twitter:card\" content=\"summary_large_image\" \/>\n<meta name=\"twitter:label1\" content=\"Tiempo de lectura\" \/>\n\t<meta name=\"twitter:data1\" content=\"4 minutos\" \/>\n<script type=\"application\/ld+json\" class=\"yoast-schema-graph\">{\"@context\":\"https:\\\/\\\/schema.org\",\"@graph\":[{\"@type\":\"WebPage\",\"@id\":\"https:\\\/\\\/fatherpeyton.org\\\/es\\\/chapters\\\/capitulo-1\\\/\",\"url\":\"https:\\\/\\\/fatherpeyton.org\\\/es\\\/chapters\\\/capitulo-1\\\/\",\"name\":\"Cap\u00edtulo 1 | Padre Patrick Peyton, el sacerdote del Rosario\",\"isPartOf\":{\"@id\":\"https:\\\/\\\/fatherpeyton.org\\\/es\\\/#website\"},\"primaryImageOfPage\":{\"@id\":\"https:\\\/\\\/fatherpeyton.org\\\/es\\\/chapters\\\/capitulo-1\\\/#primaryimage\"},\"image\":{\"@id\":\"https:\\\/\\\/fatherpeyton.org\\\/es\\\/chapters\\\/capitulo-1\\\/#primaryimage\"},\"thumbnailUrl\":\"https:\\\/\\\/fatherpeyton.org\\\/es\\\/wp-content\\\/uploads\\\/sites\\\/20\\\/2025\\\/08\\\/peytonfamilychapter1banner-1024x458.webp\",\"datePublished\":\"2025-08-04T09:24:38+00:00\",\"dateModified\":\"2026-07-13T08:04:48+00:00\",\"description\":\"Patrick Peyton naci\u00f3 en Irlanda en 1909, en el seno de una familia cat\u00f3lica, numerosa y humilde, que rezaba el Rosario a diario. Conozca su historia y su camino hacia la posible santidad.\",\"breadcrumb\":{\"@id\":\"https:\\\/\\\/fatherpeyton.org\\\/es\\\/chapters\\\/capitulo-1\\\/#breadcrumb\"},\"inLanguage\":\"es\",\"potentialAction\":[{\"@type\":\"ReadAction\",\"target\":[\"https:\\\/\\\/fatherpeyton.org\\\/es\\\/chapters\\\/capitulo-1\\\/\"]}]},{\"@type\":\"ImageObject\",\"inLanguage\":\"es\",\"@id\":\"https:\\\/\\\/fatherpeyton.org\\\/es\\\/chapters\\\/capitulo-1\\\/#primaryimage\",\"url\":\"https:\\\/\\\/fatherpeyton.org\\\/es\\\/wp-content\\\/uploads\\\/sites\\\/20\\\/2025\\\/08\\\/peytonfamilychapter1banner.webp\",\"contentUrl\":\"https:\\\/\\\/fatherpeyton.org\\\/es\\\/wp-content\\\/uploads\\\/sites\\\/20\\\/2025\\\/08\\\/peytonfamilychapter1banner.webp\",\"width\":1575,\"height\":705},{\"@type\":\"BreadcrumbList\",\"@id\":\"https:\\\/\\\/fatherpeyton.org\\\/es\\\/chapters\\\/capitulo-1\\\/#breadcrumb\",\"itemListElement\":[{\"@type\":\"ListItem\",\"position\":1,\"name\":\"Home\",\"item\":\"https:\\\/\\\/fatherpeyton.org\\\/es\\\/\"},{\"@type\":\"ListItem\",\"position\":2,\"name\":\"Chapters\",\"item\":\"https:\\\/\\\/fatherpeyton.org\\\/es\\\/chapters\\\/\"},{\"@type\":\"ListItem\",\"position\":3,\"name\":\"Cap\u00edtulo 1\"}]},{\"@type\":\"WebSite\",\"@id\":\"https:\\\/\\\/fatherpeyton.org\\\/es\\\/#website\",\"url\":\"https:\\\/\\\/fatherpeyton.org\\\/es\\\/\",\"name\":\"Father Peyton-Spanish\",\"description\":\"\",\"potentialAction\":[{\"@type\":\"SearchAction\",\"target\":{\"@type\":\"EntryPoint\",\"urlTemplate\":\"https:\\\/\\\/fatherpeyton.org\\\/es\\\/?s={search_term_string}\"},\"query-input\":{\"@type\":\"PropertyValueSpecification\",\"valueRequired\":true,\"valueName\":\"search_term_string\"}}],\"inLanguage\":\"es\"}]}<\/script>\n<!-- \/ Yoast SEO plugin. -->","yoast_head_json":{"title":"Cap\u00edtulo 1 | Padre Patrick Peyton, el sacerdote del Rosario","description":"Patrick Peyton naci\u00f3 en Irlanda en 1909, en el seno de una familia cat\u00f3lica, numerosa y humilde, que rezaba el Rosario a diario. Conozca su historia y su camino hacia la posible santidad.","robots":{"index":"index","follow":"follow","max-snippet":"max-snippet:-1","max-image-preview":"max-image-preview:large","max-video-preview":"max-video-preview:-1"},"canonical":"https:\/\/fatherpeyton.org\/es\/chapters\/capitulo-1\/","og_locale":"es_MX","og_type":"article","og_title":"Cap\u00edtulo 1 | Padre Patrick Peyton, el sacerdote del Rosario","og_description":"Patrick Peyton naci\u00f3 en Irlanda en 1909, en el seno de una familia cat\u00f3lica, numerosa y humilde, que rezaba el Rosario a diario. Conozca su historia y su camino hacia la posible santidad.","og_url":"https:\/\/fatherpeyton.org\/es\/chapters\/capitulo-1\/","og_site_name":"Father Peyton-Spanish","article_modified_time":"2026-07-13T08:04:48+00:00","og_image":[{"width":1575,"height":705,"url":"https:\/\/fatherpeyton.org\/es\/wp-content\/uploads\/sites\/20\/2025\/08\/peytonfamilychapter1banner.webp","type":"image\/webp"}],"twitter_card":"summary_large_image","twitter_misc":{"Tiempo de lectura":"4 minutos"},"schema":{"@context":"https:\/\/schema.org","@graph":[{"@type":"WebPage","@id":"https:\/\/fatherpeyton.org\/es\/chapters\/capitulo-1\/","url":"https:\/\/fatherpeyton.org\/es\/chapters\/capitulo-1\/","name":"Cap\u00edtulo 1 | Padre Patrick Peyton, el sacerdote del Rosario","isPartOf":{"@id":"https:\/\/fatherpeyton.org\/es\/#website"},"primaryImageOfPage":{"@id":"https:\/\/fatherpeyton.org\/es\/chapters\/capitulo-1\/#primaryimage"},"image":{"@id":"https:\/\/fatherpeyton.org\/es\/chapters\/capitulo-1\/#primaryimage"},"thumbnailUrl":"https:\/\/fatherpeyton.org\/es\/wp-content\/uploads\/sites\/20\/2025\/08\/peytonfamilychapter1banner-1024x458.webp","datePublished":"2025-08-04T09:24:38+00:00","dateModified":"2026-07-13T08:04:48+00:00","description":"Patrick Peyton naci\u00f3 en Irlanda en 1909, en el seno de una familia cat\u00f3lica, numerosa y humilde, que rezaba el Rosario a diario. Conozca su historia y su camino hacia la posible santidad.","breadcrumb":{"@id":"https:\/\/fatherpeyton.org\/es\/chapters\/capitulo-1\/#breadcrumb"},"inLanguage":"es","potentialAction":[{"@type":"ReadAction","target":["https:\/\/fatherpeyton.org\/es\/chapters\/capitulo-1\/"]}]},{"@type":"ImageObject","inLanguage":"es","@id":"https:\/\/fatherpeyton.org\/es\/chapters\/capitulo-1\/#primaryimage","url":"https:\/\/fatherpeyton.org\/es\/wp-content\/uploads\/sites\/20\/2025\/08\/peytonfamilychapter1banner.webp","contentUrl":"https:\/\/fatherpeyton.org\/es\/wp-content\/uploads\/sites\/20\/2025\/08\/peytonfamilychapter1banner.webp","width":1575,"height":705},{"@type":"BreadcrumbList","@id":"https:\/\/fatherpeyton.org\/es\/chapters\/capitulo-1\/#breadcrumb","itemListElement":[{"@type":"ListItem","position":1,"name":"Home","item":"https:\/\/fatherpeyton.org\/es\/"},{"@type":"ListItem","position":2,"name":"Chapters","item":"https:\/\/fatherpeyton.org\/es\/chapters\/"},{"@type":"ListItem","position":3,"name":"Cap\u00edtulo 1"}]},{"@type":"WebSite","@id":"https:\/\/fatherpeyton.org\/es\/#website","url":"https:\/\/fatherpeyton.org\/es\/","name":"Father Peyton-Spanish","description":"","potentialAction":[{"@type":"SearchAction","target":{"@type":"EntryPoint","urlTemplate":"https:\/\/fatherpeyton.org\/es\/?s={search_term_string}"},"query-input":{"@type":"PropertyValueSpecification","valueRequired":true,"valueName":"search_term_string"}}],"inLanguage":"es"}]}},"_links":{"self":[{"href":"https:\/\/fatherpeyton.org\/es\/wp-json\/wp\/v2\/chapters\/251","targetHints":{"allow":["GET"]}}],"collection":[{"href":"https:\/\/fatherpeyton.org\/es\/wp-json\/wp\/v2\/chapters"}],"about":[{"href":"https:\/\/fatherpeyton.org\/es\/wp-json\/wp\/v2\/types\/chapter"}],"replies":[{"embeddable":true,"href":"https:\/\/fatherpeyton.org\/es\/wp-json\/wp\/v2\/comments?post=251"}],"wp:attachment":[{"href":"https:\/\/fatherpeyton.org\/es\/wp-json\/wp\/v2\/media?parent=251"}],"curies":[{"name":"wp","href":"https:\/\/api.w.org\/{rel}","templated":true}]}}